{"id":161942,"date":"2026-02-24T11:11:55","date_gmt":"2026-02-24T10:11:55","guid":{"rendered":"https:\/\/proveg.org\/cz\/?page_id=161942"},"modified":"2026-04-23T19:33:18","modified_gmt":"2026-04-23T17:33:18","slug":"new-food-kitchen","status":"publish","type":"page","link":"https:\/\/proveg.org\/cz\/new-food-kitchen\/","title":{"rendered":"New Food Kitchen"},"content":{"rendered":"\n<div class=\"wp-block-cover alignfull\"><img loading=\"lazy\" decoding=\"async\" width=\"2560\" height=\"1707\" class=\"wp-block-cover__image-background wp-image-161956 size-full\" alt=\"Detailn\u00ed z\u00e1b\u011br na gurm\u00e1nsk\u00fd pokrm, ide\u00e1ln\u00ed pro nov\u00e9 potravin\u00e1\u0159sk\u00e9 f\u00f3rum, se dv\u011bma kope\u010dky b\u00edl\u00e9 zmrzliny nebo p\u011bny, ozdoben\u00e9 bylinkami a om\u00e1\u010dkou, pod\u00e1van\u00e9 na tal\u00ed\u0159i s o\u0159echy a zelen\u00fdm pyr\u00e9 na rozmazan\u00e9m pozad\u00ed.\" src=\"https:\/\/proveg.org\/cz\/wp-content\/uploads\/sites\/5\/2026\/02\/JAN_6281-lekce-vareni-scaled.jpg\" data-object-fit=\"cover\" srcset=\"https:\/\/proveg.org\/cz\/wp-content\/uploads\/sites\/5\/2026\/02\/JAN_6281-lekce-vareni-scaled.jpg 2560w, https:\/\/proveg.org\/cz\/wp-content\/uploads\/sites\/5\/2026\/02\/JAN_6281-lekce-vareni-300x200.jpg 300w, https:\/\/proveg.org\/cz\/wp-content\/uploads\/sites\/5\/2026\/02\/JAN_6281-lekce-vareni-1024x683.jpg 1024w, https:\/\/proveg.org\/cz\/wp-content\/uploads\/sites\/5\/2026\/02\/JAN_6281-lekce-vareni-768x512.jpg 768w, https:\/\/proveg.org\/cz\/wp-content\/uploads\/sites\/5\/2026\/02\/JAN_6281-lekce-vareni-1536x1024.jpg 1536w, https:\/\/proveg.org\/cz\/wp-content\/uploads\/sites\/5\/2026\/02\/JAN_6281-lekce-vareni-2048x1366.jpg 2048w, https:\/\/proveg.org\/cz\/wp-content\/uploads\/sites\/5\/2026\/02\/JAN_6281-lekce-vareni-390x260.jpg 390w\" sizes=\"(max-width: 2560px) 100vw, 2560px\" \/><span aria-hidden=\"true\" class=\"wp-block-cover__background has-black-background-color has-background-dim-10 has-background-dim\"><\/span><div class=\"wp-block-cover__inner-container is-layout-constrained wp-block-cover-is-layout-constrained\">\n<h1 class=\"wp-block-heading has-text-align-center ticss-1a8d47d0 has-white-color has-text-color has-link-color wp-elements-1\" id=\"h-new-food-kitchen-2026\">New Food Kitchen 2026<\/h1>\n\n\n\n<h2 class=\"wp-block-heading has-text-align-center ticss-be8c7a18 has-white-color has-text-color has-link-color has-large-font-size wp-elements-2\" id=\"h-23-dubna-chefparade-praha\" style=\"margin-bottom:175px\">23. dubna, Chefparade Praha<\/h2>\n<\/div><\/div>\n\n\n\n<div class=\"wp-block-group alignfull is-style-proveg-b2c-sticky is-layout-constrained wp-block-group-is-layout-constrained\" id=\"page-menu\" style=\"margin-top:0\">\n<div class=\"wp-block-group alignfull has-dark-grey-color has-white-background-color has-text-color has-background has-link-color wp-elements-3 is-content-justification-center is-nowrap is-layout-flex wp-container-core-group-is-layout-fefd9012 wp-block-group-is-layout-flex\" style=\"border-style:none;border-width:0px;padding-top:var(--wp--preset--spacing--40);padding-bottom:var(--wp--preset--spacing--30)\"><nav style=\"font-size:clamp(1.125rem, 1.125rem + ((1vw - 0.2rem) * 0.448), 1.38rem);font-style:normal;font-weight:700\" class=\"is-responsive items-justified-center is-style-proveg-b2c-navigation-page wp-block-navigation is-content-justification-center is-layout-flex wp-container-core-navigation-is-layout-a5a16575 wp-block-navigation-is-layout-flex\" aria-label=\"New Food Kitchen\" \n\t\t data-wp-interactive=\"core\/navigation\" data-wp-context='{\"overlayOpenedBy\":{\"click\":false,\"hover\":false,\"focus\":false},\"type\":\"overlay\",\"roleAttribute\":\"\",\"ariaLabel\":\"Menu\"}'><button aria-haspopup=\"dialog\" aria-label=\"Otev\u0159\u00edt menu\" class=\"wp-block-navigation__responsive-container-open\" \n\t\t\t\tdata-wp-on--click=\"actions.openMenuOnClick\"\n\t\t\t\tdata-wp-on--keydown=\"actions.handleMenuKeydown\"\n\t\t\t><svg width=\"24\" height=\"24\" xmlns=\"http:\/\/www.w3.org\/2000\/svg\" viewBox=\"0 0 24 24\" aria-hidden=\"true\" focusable=\"false\"><path d=\"M4 7.5h16v1.5H4z\"><\/path><path d=\"M4 15h16v1.5H4z\"><\/path><\/svg><\/button>\n\t\t\t\t<div class=\"wp-block-navigation__responsive-container\"  id=\"modal-1\" \n\t\t\t\tdata-wp-class--has-modal-open=\"state.isMenuOpen\"\n\t\t\t\tdata-wp-class--is-menu-open=\"state.isMenuOpen\"\n\t\t\t\tdata-wp-watch=\"callbacks.initMenu\"\n\t\t\t\tdata-wp-on--keydown=\"actions.handleMenuKeydown\"\n\t\t\t\tdata-wp-on--focusout=\"actions.handleMenuFocusout\"\n\t\t\t\ttabindex=\"-1\"\n\t\t\t>\n\t\t\t\t\t<div class=\"wp-block-navigation__responsive-close\" tabindex=\"-1\">\n\t\t\t\t\t\t<div class=\"wp-block-navigation__responsive-dialog\" \n\t\t\t\tdata-wp-bind--aria-modal=\"state.ariaModal\"\n\t\t\t\tdata-wp-bind--aria-label=\"state.ariaLabel\"\n\t\t\t\tdata-wp-bind--role=\"state.roleAttribute\"\n\t\t\t>\n\t\t\t\t\t\t\t<button aria-label=\"Zav\u0159\u00edt menu\" class=\"wp-block-navigation__responsive-container-close\" \n\t\t\t\tdata-wp-on--click=\"actions.closeMenuOnClick\"\n\t\t\t><svg xmlns=\"http:\/\/www.w3.org\/2000\/svg\" viewBox=\"0 0 24 24\" width=\"24\" height=\"24\" aria-hidden=\"true\" focusable=\"false\"><path d=\"m13.06 12 6.47-6.47-1.06-1.06L12 10.94 5.53 4.47 4.47 5.53 10.94 12l-6.47 6.47 1.06 1.06L12 13.06l6.47 6.47 1.06-1.06L13.06 12Z\"><\/path><\/svg><\/button>\n\t\t\t\t\t\t\t<div class=\"wp-block-navigation__responsive-container-content\" \n\t\t\t\tdata-wp-watch=\"callbacks.focusFirstElement\"\n\t\t\t id=\"modal-1-content\">\n\t\t\t\t\t\t\t\t<ul style=\"font-size:clamp(1.125rem, 1.125rem + ((1vw - 0.2rem) * 0.448), 1.38rem);font-style:normal;font-weight:700\" class=\"wp-block-navigation__container is-responsive items-justified-center is-style-proveg-b2c-navigation-page wp-block-navigation\"><li class=\"wp-block-navigation-item wp-block-navigation-link\"><a class=\"wp-block-navigation-item__content\"  href=\"#o-akci\"><span class=\"wp-block-navigation-item__label\">O akci<\/span><\/a><\/li><li class=\"wp-block-navigation-item wp-block-navigation-link\"><a class=\"wp-block-navigation-item__content\"  href=\"#soutez\"><span class=\"wp-block-navigation-item__label\">Sout\u011b\u017e<\/span><\/a><\/li><li class=\"wp-block-navigation-item wp-block-navigation-link\"><a class=\"wp-block-navigation-item__content\"  href=\"#lekce-vareni\"><span class=\"wp-block-navigation-item__label\">Lekce va\u0159en\u00ed<\/span><\/a><\/li><li class=\"wp-block-navigation-item wp-block-navigation-link\"><a class=\"wp-block-navigation-item__content\"  href=\"#konference-new-food-forum\"><span class=\"wp-block-navigation-item__label\">Konference New Food Forum<\/span><\/a><\/li><li class=\"wp-block-navigation-item wp-block-navigation-link\"><a class=\"wp-block-navigation-item__content\"  href=\"#partneri\"><span class=\"wp-block-navigation-item__label\">Partne\u0159i<\/span><\/a><\/li><li class=\"wp-block-navigation-item wp-block-navigation-link\"><a class=\"wp-block-navigation-item__content\"  href=\"#kontakt\"><span class=\"wp-block-navigation-item__label\">Kontakt<\/span><\/a><\/li><\/ul>\n\t\t\t\t\t\t\t\t\n\t\t\t\t\t\t\t<\/div>\n\t\t\t\t\t\t<\/div>\n\t\t\t\t\t<\/div>\n\t\t\t\t<\/div><\/nav><\/div>\n<\/div>\n\n\n\n<div id=\"o-akci\" class=\"wp-block-group is-layout-constrained wp-container-core-group-is-layout-60702847 wp-block-group-is-layout-constrained\" style=\"padding-right:5%;padding-left:5%\">\n<div style=\"height:25px\" aria-hidden=\"true\" class=\"wp-block-spacer\"><\/div>\n\n\n\n<p class=\"wp-block-paragraph\" style=\"font-size:clamp(18.959px, 1.185rem + ((1vw - 3.2px) * 1.213), 30px);\"><strong>Gastronomick\u00fd den pro profesion\u00e1ly a profesion\u00e1lky z praxe \u2013 praktick\u00e9 roz\u0161\u00ed\u0159en\u00ed konference <a href=\"https:\/\/proveg.org\/cz\/new-food-forum\/\" type=\"link\" id=\"https:\/\/proveg.org\/cz\/new-food-forum\/\">New Food Forum 2026<\/a> zam\u011b\u0159en\u00e9 na modern\u00ed rostlinnou kuchyni, re\u00e1ln\u00e9 provozy a kucha\u0159sk\u00e9 \u0159emeslo.<\/strong><\/p>\n\n\n\n<div style=\"height:15px\" aria-hidden=\"true\" class=\"wp-block-spacer\"><\/div>\n\n\n\n<p class=\"wp-block-paragraph\">New Food Kitchen je den pln\u00fd inspirace, sd\u00edlen\u00ed a setk\u00e1v\u00e1n\u00ed s lidmi, kte\u0159\u00ed \u0159e\u0161\u00ed stejn\u00e9 v\u00fdzvy jako vy. \u010cek\u00e1 v\u00e1s <strong>sout\u011b\u017e profesion\u00e1ln\u00edch kucha\u0159\u016f a kucha\u0159ek<\/strong>, <strong>praktick\u00e9 lekce va\u0159en\u00ed<\/strong> a <strong>networking s odborn\u00edky a odbornicemi<\/strong> z gastronomie. Uvid\u00edte, ochutn\u00e1te a za\u017eijete, \u017ee rostlinn\u00e9 j\u00eddlo m\u016f\u017ee b\u00fdt silnou a atraktivn\u00ed sou\u010d\u00e1st\u00ed modern\u00edho menu. Akce se kon\u00e1 v profesion\u00e1ln\u00edm gastro studiu Chefparade v pra\u017esk\u00fdch Hole\u0161ovic\u00edch.<\/p>\n\n\n\n<div style=\"height:15px\" aria-hidden=\"true\" class=\"wp-block-spacer\"><\/div>\n\n\n\n<div class=\"wp-block-group has-white-background-color has-background is-layout-flow wp-block-group-is-layout-flow\" style=\"border-top-left-radius:10px;border-top-right-radius:10px;border-bottom-left-radius:10px;border-bottom-right-radius:10px;padding-right:var(--wp--preset--spacing--70);padding-left:var(--wp--preset--spacing--70)\">\n<div style=\"height:5px\" aria-hidden=\"true\" class=\"wp-block-spacer\"><\/div>\n\n\n\n<h3 class=\"wp-block-heading\" id=\"h-co-si-odnesete-nbsp\"><strong>Co si odnesete?&nbsp;<\/strong><\/h3>\n\n\n\n<div style=\"height:10px\" aria-hidden=\"true\" class=\"wp-block-spacer\"><\/div>\n\n\n\n<ul class=\"wp-block-list is-style-proveg-b2c-leaf-green\">\n<li style=\"font-size:clamp(18px, 1.125rem + ((1vw - 3.2px) * 0.22), 20px);\">Inspiraci pro va\u0161e menu;<\/li>\n\n\n\n<li style=\"font-size:clamp(18px, 1.125rem + ((1vw - 3.2px) * 0.22), 20px);\">nov\u00fd pohled na to, jak m\u016f\u017ee rostlinn\u00fd pokrm vypadat a chutnat;<\/li>\n\n\n\n<li style=\"font-size:clamp(18px, 1.125rem + ((1vw - 3.2px) * 0.22), 20px);\">propojen\u00ed s dal\u0161\u00edmi profesion\u00e1ln\u00edmi kucha\u0159i*kami;<\/li>\n\n\n\n<li style=\"font-size:clamp(18px, 1.125rem + ((1vw - 3.2px) * 0.22), 20px);\">praktickou zku\u0161enost z lekc\u00ed va\u0159en\u00ed veden\u00fdch zku\u0161en\u00fdmi \u0161\u00e9fkucha\u0159i*kami;<\/li>\n\n\n\n<li style=\"font-size:clamp(18px, 1.125rem + ((1vw - 3.2px) * 0.22), 20px);\">sd\u00edlen\u00ed zku\u0161enost\u00ed a networking s lidmi z oboru.<\/li>\n<\/ul>\n\n\n\n<div style=\"height:15px\" aria-hidden=\"true\" class=\"wp-block-spacer\"><\/div>\n<\/div>\n\n\n\n<div style=\"height:30px\" aria-hidden=\"true\" class=\"wp-block-spacer\"><\/div>\n<\/div>\n\n\n\n<div id=\"soutez\" class=\"wp-block-group has-white-background-color has-background is-layout-constrained wp-container-core-group-is-layout-60702847 wp-block-group-is-layout-constrained\" style=\"padding-right:5%;padding-left:5%\">\n<div style=\"height:15px\" aria-hidden=\"true\" class=\"wp-block-spacer\"><\/div>\n\n\n\n<h2 class=\"wp-block-heading has-text-align-left\" id=\"h-soutez-o-nejlepsi-rostlinny-pokrm\"><strong>Sout\u011b\u017e o nejlep\u0161\u00ed rostlinn\u00fd pokrm<\/strong><\/h2>\n\n\n\n<div style=\"height:10px\" aria-hidden=\"true\" class=\"wp-block-spacer\"><\/div>\n\n\n\n<p class=\"wp-block-paragraph\">Sou\u010d\u00e1st\u00ed programu je <strong>sout\u011b\u017e o nejlep\u0161\u00ed rostlinn\u00fd pokrm<\/strong>, ve kter\u00e9 se utkaj\u00ed profesion\u00e1ln\u00ed kucha\u0159i a kucha\u0159ky z r\u016fzn\u00fdch typ\u016f gastro provoz\u016f, od restaurac\u00ed po cateringov\u00e9 firmy. V\u0161ichni sout\u011b\u017e\u00edc\u00ed budou va\u0159it za stejn\u00fdch podm\u00ednek a jejich pokrmy zhodnot\u00ed odborn\u00e1 porota.<\/p>\n\n\n\n<div class=\"wp-block-columns ticss-d17c129d is-layout-flex wp-container-core-columns-is-layout-f46793d1 wp-block-columns-is-layout-flex\">\n<div class=\"wp-block-column is-vertically-aligned-center is-layout-flow wp-block-column-is-layout-flow\" style=\"padding-top:var(--wp--preset--spacing--40);padding-right:0;padding-bottom:var(--wp--preset--spacing--40);padding-left:0\">\n<p class=\"wp-block-paragraph\">Sout\u011b\u017e se kon\u00e1 pod z\u00e1\u0161titou <strong>Asociace kucha\u0159\u016f a cukr\u00e1\u0159\u016f \u010cR<\/strong> a sou\u010d\u00e1st\u00ed v\u00fdhry je nejen finan\u010dn\u00ed odm\u011bna, ale tak\u00e9 zviditeln\u011bn\u00ed v oboru.<\/p>\n\n\n\n<p class=\"wp-block-paragraph\">Sout\u011b\u017e je otev\u0159en\u00e1 v\u0161em profesion\u00e1ln\u00edm kucha\u0159\u016fm a kucha\u0159k\u00e1m z restaurac\u00ed, cateringov\u00fdch firem, j\u00eddelen, i dal\u0161\u00edch stravovac\u00edch provoz\u016f.<\/p>\n<\/div>\n\n\n\n<div class=\"wp-block-column is-layout-flow wp-block-column-is-layout-flow\" style=\"padding-top:var(--wp--preset--spacing--40);padding-right:var(--wp--preset--spacing--40);padding-bottom:var(--wp--preset--spacing--40);padding-left:var(--wp--preset--spacing--40)\">\n<figure class=\"wp-block-image size-large is-resized has-custom-border\"><img loading=\"lazy\" decoding=\"async\" width=\"1024\" height=\"683\" src=\"https:\/\/proveg.org\/cz\/wp-content\/uploads\/sites\/5\/2026\/02\/JAN_6240-soutez-1024x683.jpg\" alt=\"\u010cty\u0159i lid\u00e9 sed\u00ed u jednoho stolu, ochutn\u00e1vaj\u00ed a hodnot\u00ed pokrmy na nov\u00e9m f\u00f3ru o j\u00eddle. \u017dena v kv\u011btovan\u00e9 halence je v centru pozornosti a vypad\u00e1 zamy\u0161len\u011b, kdy\u017e vidli\u010dkou ochutn\u00e1v\u00e1 pokrm. Ostatn\u00ed jsou rozmazan\u00ed v pozad\u00ed a tak\u00e9 ochutn\u00e1vaj\u00ed j\u00eddlo.\" class=\"wp-image-161958\" style=\"border-top-left-radius:5px;border-top-right-radius:5px;border-bottom-left-radius:5px;border-bottom-right-radius:5px;aspect-ratio:16\/9;object-fit:cover;width:453px;height:auto\" srcset=\"https:\/\/proveg.org\/cz\/wp-content\/uploads\/sites\/5\/2026\/02\/JAN_6240-soutez-1024x683.jpg 1024w, https:\/\/proveg.org\/cz\/wp-content\/uploads\/sites\/5\/2026\/02\/JAN_6240-soutez-300x200.jpg 300w, https:\/\/proveg.org\/cz\/wp-content\/uploads\/sites\/5\/2026\/02\/JAN_6240-soutez-768x512.jpg 768w, https:\/\/proveg.org\/cz\/wp-content\/uploads\/sites\/5\/2026\/02\/JAN_6240-soutez-1536x1024.jpg 1536w, https:\/\/proveg.org\/cz\/wp-content\/uploads\/sites\/5\/2026\/02\/JAN_6240-soutez-2048x1365.jpg 2048w, https:\/\/proveg.org\/cz\/wp-content\/uploads\/sites\/5\/2026\/02\/JAN_6240-soutez-390x260.jpg 390w\" sizes=\"(max-width: 1024px) 100vw, 1024px\" \/><\/figure>\n<\/div>\n<\/div>\n\n\n\n<div class=\"wp-block-group has-light-gray-background-color has-background is-layout-flow wp-block-group-is-layout-flow\" style=\"padding-right:var(--wp--preset--spacing--70);padding-left:var(--wp--preset--spacing--70)\">\n<div style=\"height:5px\" aria-hidden=\"true\" class=\"wp-block-spacer\"><\/div>\n\n\n\n<h3 class=\"wp-block-heading\" id=\"h-proc-se-zapojit-do-souteze\">Pro\u010d se zapojit do sout\u011b\u017ee?<\/h3>\n\n\n\n<div style=\"height:10px\" aria-hidden=\"true\" class=\"wp-block-spacer\"><\/div>\n\n\n\n<ul class=\"wp-block-list is-style-proveg-b2c-leaf-green\">\n<li style=\"font-size:clamp(18px, 1.125rem + ((1vw - 3.2px) * 0.22), 20px);\">Vyhr\u00e1vaj\u00edc\u00ed si odnese finan\u010dn\u00ed odm\u011bnu 50 tis\u00edc korun;<\/li>\n\n\n\n<li style=\"font-size:clamp(18px, 1.125rem + ((1vw - 3.2px) * 0.22), 20px);\">z\u00e1rove\u0148 z\u00edsk\u00e1 mo\u017enost prezentovat se skrze zapojen\u00e9 medi\u00e1ln\u00ed partnery;<\/li>\n\n\n\n<li style=\"font-size:clamp(18px, 1.125rem + ((1vw - 3.2px) * 0.22), 20px);\">sout\u011b\u017e\u00edc\u00ed se zviditeln\u00ed&nbsp; ve sv\u00e9m oboru;<\/li>\n\n\n\n<li style=\"font-size:clamp(18px, 1.125rem + ((1vw - 3.2px) * 0.22), 20px);\">z\u00e1rove\u0148 z\u00edskaj\u00ed odborn\u00e9 hodnocen\u00ed a cennou zp\u011btnou vazbu;<\/li>\n\n\n\n<li style=\"font-size:clamp(18px, 1.125rem + ((1vw - 3.2px) * 0.22), 20px);\">a mohou nav\u00e1zat kontakty s dal\u0161\u00edmi profesion\u00e1ly*kami z oboru.<\/li>\n<\/ul>\n\n\n\n<div style=\"height:15px\" aria-hidden=\"true\" class=\"wp-block-spacer\"><\/div>\n<\/div>\n\n\n\n<div class=\"wp-block-columns ticss-61611927 is-layout-flex wp-container-core-columns-is-layout-dfe66850 wp-block-columns-is-layout-flex\">\n<div class=\"wp-block-column is-vertically-aligned-center is-layout-flow wp-block-column-is-layout-flow\" style=\"padding-top:var(--wp--preset--spacing--40);padding-right:0;padding-bottom:var(--wp--preset--spacing--40);padding-left:0\">\n<p class=\"wp-block-paragraph\">Kapacita sout\u011b\u017e\u00edc\u00edch je omezen\u00e1 a uz\u00e1v\u011brka p\u0159ihl\u00e1\u0161ek je 23. 3. 2026. <\/p>\n\n\n\n<p class=\"wp-block-paragraph\">V\u00edce informac\u00ed o pravidlech sout\u011b\u017ee najdete v p\u0159ihl\u00e1\u0161ce.<\/p>\n<\/div>\n\n\n\n<div class=\"wp-block-column is-layout-flow wp-block-column-is-layout-flow\" style=\"padding-top:var(--wp--preset--spacing--40);padding-right:var(--wp--preset--spacing--40);padding-bottom:var(--wp--preset--spacing--40);padding-left:var(--wp--preset--spacing--40)\">\n<figure class=\"wp-block-image size-large is-resized has-custom-border\"><img loading=\"lazy\" decoding=\"async\" width=\"1024\" height=\"683\" src=\"https:\/\/proveg.org\/cz\/wp-content\/uploads\/sites\/5\/2026\/02\/JAN_6379-soutez-1024x683.jpg\" alt=\"Osoba s vidli\u010dkou v ruce sed\u00ed u stolu s b\u00edl\u00fdm tal\u00ed\u0159em gurm\u00e1nsk\u00e9ho j\u00eddla s om\u00e1\u010dkou a p\u0159\u00edlohou a je p\u0159ipravena pod\u011blit se o sv\u00e9 my\u0161lenky na nov\u00e9m f\u00f3ru o j\u00eddle; j\u00eddlo doprov\u00e1z\u00ed pap\u00edry, p\u0159\u00edbory, ubrousek a chytr\u00fd telefon.\" class=\"wp-image-161970\" style=\"border-top-left-radius:5px;border-top-right-radius:5px;border-bottom-left-radius:5px;border-bottom-right-radius:5px;aspect-ratio:16\/9;object-fit:cover;width:453px;height:auto\" srcset=\"https:\/\/proveg.org\/cz\/wp-content\/uploads\/sites\/5\/2026\/02\/JAN_6379-soutez-1024x683.jpg 1024w, https:\/\/proveg.org\/cz\/wp-content\/uploads\/sites\/5\/2026\/02\/JAN_6379-soutez-300x200.jpg 300w, https:\/\/proveg.org\/cz\/wp-content\/uploads\/sites\/5\/2026\/02\/JAN_6379-soutez-768x512.jpg 768w, https:\/\/proveg.org\/cz\/wp-content\/uploads\/sites\/5\/2026\/02\/JAN_6379-soutez-1536x1024.jpg 1536w, https:\/\/proveg.org\/cz\/wp-content\/uploads\/sites\/5\/2026\/02\/JAN_6379-soutez-2048x1366.jpg 2048w, https:\/\/proveg.org\/cz\/wp-content\/uploads\/sites\/5\/2026\/02\/JAN_6379-soutez-390x260.jpg 390w\" sizes=\"(max-width: 1024px) 100vw, 1024px\" \/><\/figure>\n<\/div>\n<\/div>\n\n\n\n<div style=\"height:15px\" aria-hidden=\"true\" class=\"wp-block-spacer\"><\/div>\n\n\n\n<div class=\"wp-block-buttons is-content-justification-center is-layout-flex wp-container-core-buttons-is-layout-f4e9a59f wp-block-buttons-is-layout-flex\">\n<div class=\"wp-block-button has-custom-width wp-block-button__width-100\"><a class=\"wp-block-button__link wp-element-button\">Registrace do sout\u011b\u017ee je uzav\u0159ena<\/a><\/div>\n<\/div>\n\n\n\n<div style=\"height:30px\" aria-hidden=\"true\" class=\"wp-block-spacer\"><\/div>\n<\/div>\n\n\n\n<div id=\"lekce-vareni\" class=\"wp-block-group is-layout-constrained wp-container-core-group-is-layout-60702847 wp-block-group-is-layout-constrained\" style=\"padding-right:5%;padding-left:5%\">\n<div style=\"height:20px\" aria-hidden=\"true\" class=\"wp-block-spacer\"><\/div>\n\n\n\n<h2 class=\"wp-block-heading has-text-align-left\" id=\"h-lekce-vareni-vedene-zkusenymi-sefkuchari-kami\"><strong>Lekce va\u0159en\u00ed veden\u00e9 zku\u0161en\u00fdmi \u0161\u00e9fkucha\u0159i*kami<\/strong><\/h2>\n\n\n\n<div style=\"height:5px\" aria-hidden=\"true\" class=\"wp-block-spacer\"><\/div>\n\n\n\n<p class=\"wp-block-paragraph\">V r\u00e1mci New Food Kitchen prob\u011bhnou paraleln\u011b se sout\u011b\u017e\u00ed tak\u00e9 kucha\u0159sk\u00e9 lekce zam\u011b\u0159en\u00e9 na modern\u00ed rostlinnou gastronomii v profesion\u00e1ln\u00edm kontextu. Lekce povedou hostuj\u00edc\u00ed \u0161\u00e9fkucha\u0159i a \u0161\u00e9fkucha\u0159ky s dlouholetou zku\u0161enost\u00ed s p\u0159\u00edpravou bezmas\u00fdch a rostlinn\u00fdch pokrm\u016f, kte\u0159\u00ed jsou uzn\u00e1van\u00fdmi osobnostmi ve sv\u00e9m oboru.<\/p>\n\n\n\n<p class=\"wp-block-paragraph\">Kurzy jsou koncipov\u00e1ny tak, aby z nich \u010derpali i zku\u0161en\u00ed \u0161\u00e9fkucha\u0159i*ky hledaj\u00edc\u00ed novou inspiraci.<\/p>\n\n\n\n<div style=\"height:23px\" aria-hidden=\"true\" class=\"wp-block-spacer\"><\/div>\n\n\n\n<div class=\"wp-block-group has-white-background-color has-background is-layout-flow wp-block-group-is-layout-flow\">\n<div style=\"height:10px\" aria-hidden=\"true\" class=\"wp-block-spacer\"><\/div>\n\n\n\n<h3 class=\"wp-block-heading\" id=\"h-rostlinny-zero-waste-workshop-s-milusi-mako\"><strong>Rostlinn\u00fd zero-waste workshop s Milu\u0161\u00ed Mak\u00f3<\/strong><\/h3>\n\n\n\n<div style=\"height:20px\" aria-hidden=\"true\" class=\"wp-block-spacer\"><\/div>\n\n\n\n<div class=\"wp-block-columns is-layout-flex wp-container-core-columns-is-layout-cf176b31 wp-block-columns-is-layout-flex\">\n<div class=\"wp-block-column is-layout-flow wp-block-column-is-layout-flow\" style=\"padding-right:5%;flex-basis:66.66%\">\n<p class=\"wp-block-paragraph\">\ud83d\udcc5 <strong>23. 4. 2026 | 14:00\u201316:00 |<\/strong><\/p>\n\n\n\n<p class=\"wp-block-paragraph\">\ud83d\udccd<strong>Chefparade, Praha \u2013 Hole\u0161ovice<\/strong><\/p>\n\n\n\n<p class=\"wp-block-paragraph\"><strong>Pozor: KAPACITA KURZU JE NAPLN\u011aNA<\/strong><\/p>\n\n\n\n<p class=\"wp-block-paragraph\">Jak dostat z jedin\u00e9 suroviny maximum chuti i hodnoty?<\/p>\n\n\n\n<p class=\"wp-block-paragraph\">\u0160\u00e9fkucha\u0159ka Milu\u0161e Mak\u00f3 v\u00e1s provede modern\u00ed rostlinnou kuchyn\u00ed s d\u016frazem na zero waste p\u0159\u00edstup, pr\u00e1ci s umami chut\u011bmi a praktick\u00e9 vyu\u017eit\u00ed v provozu.<\/p>\n\n\n\n<p class=\"wp-block-paragraph\">Na konkr\u00e9tn\u00edm pokrmu \u2013 glazovan\u00e9m pastin\u00e1ku s pyr\u00e9, gremolatou z nat\u011b a lan\u00fd\u017eem \u2013 uk\u00e1\u017ee, jak pracovat se sez\u00f3nn\u00ed surovinou komplexn\u011b, efektivn\u011b a bez odpadu.<\/p>\n\n\n\n<p class=\"wp-block-paragraph\">Co si odnesete?<\/p>\n\n\n\n<ul class=\"wp-block-list is-style-proveg-b2c-leaf-green\">\n<li>nov\u00e9 p\u0159\u00edstupy k dochucov\u00e1n\u00ed rostlinn\u00fdch j\u00eddel<\/li>\n\n\n\n<li>pr\u00e1ci s umami (fermentace, miso, houby, kva\u0161en\u00e1 zelenina)<\/li>\n\n\n\n<li>inspiraci pro provozy s v\u011bt\u0161\u00edm v\u00fddejem i \u00e0 la carte restaurace<\/li>\n<\/ul>\n\n\n\n<p class=\"wp-block-paragraph\">Kapacita je omezen\u00e1. \u00da\u010dast je zdarma po p\u0159ihl\u00e1\u0161en\u00ed.<\/p>\n<\/div>\n\n\n\n<div class=\"wp-block-column is-layout-flow wp-block-column-is-layout-flow\">\n<figure class=\"wp-block-image size-full\"><img loading=\"lazy\" decoding=\"async\" width=\"750\" height=\"1000\" src=\"https:\/\/proveg.org\/cz\/wp-content\/uploads\/sites\/5\/2026\/03\/DSCF6066.jpg\" alt=\"U d\u0159ev\u011bn\u00e9ho stolu s \u00fasm\u011bvem sed\u00ed \u017eena v b\u00edl\u00e9m kucha\u0159sk\u00e9m pl\u00e1\u0161ti a v pozad\u00ed jsou sv\u011b\u017e\u00ed zelen\u00e9 rostliny - je p\u0159ipravena pod\u011blit se o sv\u00e9 zku\u0161enosti na nov\u00e9m potravin\u00e1\u0159sk\u00e9m f\u00f3ru.\" class=\"wp-image-162370\" srcset=\"https:\/\/proveg.org\/cz\/wp-content\/uploads\/sites\/5\/2026\/03\/DSCF6066.jpg 750w, https:\/\/proveg.org\/cz\/wp-content\/uploads\/sites\/5\/2026\/03\/DSCF6066-225x300.jpg 225w, https:\/\/proveg.org\/cz\/wp-content\/uploads\/sites\/5\/2026\/03\/DSCF6066-195x260.jpg 195w\" sizes=\"(max-width: 750px) 100vw, 750px\" \/><\/figure>\n<\/div>\n<\/div>\n\n\n\n<div style=\"height:20px\" aria-hidden=\"true\" class=\"wp-block-spacer\"><\/div>\n\n\n\n<div class=\"wp-block-buttons is-content-justification-center is-layout-flex wp-container-core-buttons-is-layout-f4e9a59f wp-block-buttons-is-layout-flex\">\n<div class=\"wp-block-button has-custom-width wp-block-button__width-100\"><a class=\"wp-block-button__link wp-element-button\">P\u0159ihl\u00e1\u0161ov\u00e1n\u00ed ukon\u010deno<\/a><\/div>\n<\/div>\n<\/div>\n\n\n\n<div style=\"height:20px\" aria-hidden=\"true\" class=\"wp-block-spacer\"><\/div>\n\n\n\n<div class=\"wp-block-group has-white-background-color has-background is-layout-flow wp-block-group-is-layout-flow\">\n<div style=\"height:10px\" aria-hidden=\"true\" class=\"wp-block-spacer\"><\/div>\n\n\n\n<h3 class=\"wp-block-heading\" id=\"h-zamereno-na-rostlinne-bilkoviny-s-petrem-klimou\"><strong><strong>Zam\u011b\u0159eno na rostlinn\u00e9 b\u00edlkoviny s Petrem Kl\u00edmou<\/strong><\/strong><\/h3>\n\n\n\n<div style=\"height:20px\" aria-hidden=\"true\" class=\"wp-block-spacer\"><\/div>\n\n\n\n<div class=\"wp-block-columns is-layout-flex wp-container-core-columns-is-layout-cf176b31 wp-block-columns-is-layout-flex\">\n<div class=\"wp-block-column is-layout-flow wp-block-column-is-layout-flow\" style=\"padding-right:5%;flex-basis:66.66%\">\n<p class=\"wp-block-paragraph\">\ud83d\udcc5 <strong>23. 4. 2026 | 9:30\u201311:00 |<\/strong><\/p>\n\n\n\n<p class=\"wp-block-paragraph\">\ud83d\udccd<strong>Chefparade, Praha \u2013 Hole\u0161ovice<\/strong><\/p>\n\n\n\n<p class=\"wp-block-paragraph\">Jak postavit chutn\u00e9, nutri\u010dn\u011b vyv\u00e1\u017een\u00e9 rostlinn\u00e9 j\u00eddlo tak, aby fungovalo v ka\u017edodenn\u00edm provozu?<\/p>\n\n\n\n<p class=\"wp-block-paragraph\">Kucha\u0159 a autor projektu Greenwayfood Petr Kl\u00edma v\u00e1s provede p\u0159\u00edpravou jednoduch\u00fdch rostlinn\u00fdch pokrm\u016f s d\u016frazem na kvalitn\u00ed b\u00edlkoviny a prakti\u010dnost v kuchyni. Hlavn\u00ed roli bude hr\u00e1t tofu jako univerz\u00e1ln\u00ed a dob\u0159e vyu\u017eiteln\u00e1 surovina.<\/p>\n\n\n\n<p class=\"wp-block-paragraph\">Spole\u010dn\u011b p\u0159iprav\u00edme \u010do\u010dkov\u00e9 le\u010do s tofu a \u010dernou sol\u00ed a sez\u00f3nn\u00ed sal\u00e1t s nakl\u00e1dan\u00fdm tofu a bylinkami \u2013 j\u00eddla, kter\u00e1 jsou chu\u0165ov\u011b v\u00fdrazn\u00e1, v\u00fd\u017eivov\u011b vyv\u00e1\u017een\u00e1 a z\u00e1rove\u0148 snadno za\u0159aditeln\u00e1 do b\u011b\u017en\u00e9ho menu.<\/p>\n\n\n\n<p class=\"wp-block-paragraph\">Co si odnesete?<\/p>\n\n\n\n<ul class=\"wp-block-list is-style-proveg-b2c-leaf-green\">\n<li>inspiraci pro jednoduch\u00e9, ale plnohodnotn\u00e9 rostlinn\u00e9 pokrmy<\/li>\n\n\n\n<li>know-how pro pr\u00e1ci s tofu jako kvalitn\u00edm zdrojem b\u00edlkovin<\/li>\n\n\n\n<li>tipy, jak stav\u011bt nutri\u010dn\u011b vyv\u00e1\u017een\u00e9 pokrmy bez slo\u017eit\u00fdch postup\u016f<\/li>\n\n\n\n<li>recepty vyu\u017eiteln\u00e9 v restauraci, j\u00eddeln\u011b i cateringov\u00e9m provozu<\/li>\n<\/ul>\n\n\n\n<p class=\"wp-block-paragraph\">Kapacita je omezen\u00e1. \u00da\u010dast je zdarma po p\u0159ihl\u00e1\u0161en\u00ed.<\/p>\n<\/div>\n\n\n\n<div class=\"wp-block-column is-layout-flow wp-block-column-is-layout-flow\">\n<figure class=\"wp-block-image size-full\"><img loading=\"lazy\" decoding=\"async\" width=\"534\" height=\"800\" src=\"https:\/\/proveg.org\/cz\/wp-content\/uploads\/sites\/5\/2026\/03\/201705060928-L511-petr-klima.jpg\" alt=\"\u0160\u00e9fkucha\u0159 v b\u00edl\u00e9 ko\u0161ili a pruhovan\u00e9 z\u00e1st\u011b\u0159e stoj\u00ed se zk\u0159\u00ed\u017een\u00fdma rukama op\u0159en\u00fd o \u010dervenou cihlovou ze\u010f pod \u0161ir\u00fdm nebem a je p\u0159ipraven pod\u011blit se o kulin\u00e1\u0159sk\u00e9 tipy na nov\u00e9m f\u00f3ru o j\u00eddle.\" class=\"wp-image-162566\" srcset=\"https:\/\/proveg.org\/cz\/wp-content\/uploads\/sites\/5\/2026\/03\/201705060928-L511-petr-klima.jpg 534w, https:\/\/proveg.org\/cz\/wp-content\/uploads\/sites\/5\/2026\/03\/201705060928-L511-petr-klima-200x300.jpg 200w, https:\/\/proveg.org\/cz\/wp-content\/uploads\/sites\/5\/2026\/03\/201705060928-L511-petr-klima-174x260.jpg 174w\" sizes=\"(max-width: 534px) 100vw, 534px\" \/><\/figure>\n<\/div>\n<\/div>\n\n\n\n<div style=\"height:20px\" aria-hidden=\"true\" class=\"wp-block-spacer\"><\/div>\n\n\n\n<div class=\"wp-block-buttons is-content-justification-center is-layout-flex wp-container-core-buttons-is-layout-f4e9a59f wp-block-buttons-is-layout-flex\">\n<div class=\"wp-block-button has-custom-width wp-block-button__width-100\"><a class=\"wp-block-button__link wp-element-button\">P\u0159ihla\u0161ov\u00e1n\u00ed ukon\u010deno<\/a><\/div>\n<\/div>\n\n\n\n<div style=\"height:10px\" aria-hidden=\"true\" class=\"wp-block-spacer\"><\/div>\n<\/div>\n\n\n\n\n\n<div style=\"height:30px\" aria-hidden=\"true\" class=\"wp-block-spacer\"><\/div>\n<\/div>\n\n\n\n<div id=\"konference-new-food-forum\" class=\"wp-block-group has-white-background-color has-background is-layout-constrained wp-container-core-group-is-layout-60702847 wp-block-group-is-layout-constrained\" style=\"padding-right:5%;padding-left:5%\">\n<div style=\"height:15px\" aria-hidden=\"true\" class=\"wp-block-spacer\"><\/div>\n\n\n\n<h2 class=\"wp-block-heading has-text-align-left has-primary-color has-text-color has-link-color wp-elements-4\" id=\"h-a-konferenci-new-food-forum-znate\">A konferenci New Food Forum zn\u00e1te?<\/h2>\n\n\n\n<div style=\"height:15px\" aria-hidden=\"true\" class=\"wp-block-spacer\"><\/div>\n\n\n\n<p class=\"wp-block-paragraph\"><strong><mark class=\"has-inline-color has-primary-color\"><strong>New Food Forum je jedine\u010dnou ud\u00e1lost\u00ed, jej\u00edm\u017e c\u00edlem je podpo\u0159it rozvoj inovativn\u00edch \u0159e\u0161en\u00ed v oblasti rostlinn\u00fdch potravin od rostlinn\u00fdch alternativ \u017eivo\u010di\u0161n\u00fdch produkt\u016f, p\u0159es kategorie jako rostlinn\u00e9 cukrovinky, trvanliv\u00e9 produkty \u010di n\u00e1poje, a inspirovat kl\u00ed\u010dov\u00e9 hr\u00e1\u010de na \u010desk\u00e9m trhu ke zv\u00fd\u0161en\u00ed kvality, mno\u017estv\u00ed a dostupnosti t\u011bchto produkt\u016f.<\/strong><\/mark><\/strong><\/p>\n\n\n\n<p class=\"has-text-align-left wp-block-paragraph\"><strong>Celodenn\u00ed konference nabit\u00e1 inspirativn\u00edmi v\u00fdstupy \u010desk\u00fdch i zahrani\u010dn\u00edch \u0159e\u010dn\u00edk\u016f a \u0159e\u010dnic, sou\u010dasn\u011b s prostorem pro networking a vychutn\u00e1n\u00ed lahodn\u00e9ho rostlinn\u00e9ho ob\u010derstven\u00ed. Sta\u0148te se sou\u010d\u00e1st\u00ed t\u00e9to inovativn\u00ed ud\u00e1losti a na\u010derpejte inspiraci pro zdokonalen\u00ed va\u0161ich obchodn\u00edch strategi\u00ed!<\/strong><\/p>\n\n\n\n<div style=\"height:15px\" aria-hidden=\"true\" class=\"wp-block-spacer\"><\/div>\n\n\n\n<div class=\"wp-block-buttons is-content-justification-center is-layout-flex wp-container-core-buttons-is-layout-f4e9a59f wp-block-buttons-is-layout-flex\">\n<div class=\"wp-block-button has-custom-width wp-block-button__width-100\"><a class=\"wp-block-button__link wp-element-button\" href=\"https:\/\/proveg.org\/cz\/new-food-forum\/\">Dozv\u011bd\u011bt se v\u00edc o konferenci<\/a><\/div>\n<\/div>\n\n\n\n<div style=\"height:15px\" aria-hidden=\"true\" class=\"wp-block-spacer\"><\/div>\n\n\n\n<p class=\"has-text-align-left wp-block-paragraph\"><em>Akce se kon\u00e1 pod z\u00e1\u0161titou Ministerstva pr\u016fmyslu a obchodu, Svazu obchodu a cestovn\u00edho ruchu \u010cR a agentury CzechTrade.<\/em><\/p>\n\n\n\n<div style=\"height:15px\" aria-hidden=\"true\" class=\"wp-block-spacer\"><\/div>\n\n\n\n<div class=\"wp-block-columns is-layout-flex wp-container-core-columns-is-layout-4c9a1acb wp-block-columns-is-layout-flex\" style=\"padding-right:var(--wp--preset--spacing--60);padding-left:var(--wp--preset--spacing--60)\">\n<div class=\"wp-block-column is-vertically-aligned-center is-layout-flow wp-block-column-is-layout-flow\">\n<figure class=\"wp-block-image aligncenter size-full is-resized\"><img loading=\"lazy\" decoding=\"async\" width=\"500\" height=\"300\" src=\"https:\/\/proveg.org\/cz\/wp-content\/uploads\/sites\/5\/2026\/03\/MPO.png\" alt=\"Logo \u010desk\u00e9ho Ministerstva pr\u016fmyslu a obchodu s \u010derven\u00fdm svisl\u00fdm obd\u00e9ln\u00edkem s b\u00edl\u00fdm znakem lva a \u010desk\u00fdm textem Ministerstvo pr\u016fmyslu a obchodu vpravo, kter\u00e9 je \u010dasto k vid\u011bn\u00ed na akc\u00edch, jako je nap\u0159\u00edklad nov\u00e9 potravin\u00e1\u0159sk\u00e9 f\u00f3rum.\" class=\"wp-image-162312\" style=\"width:270px;height:auto\" srcset=\"https:\/\/proveg.org\/cz\/wp-content\/uploads\/sites\/5\/2026\/03\/MPO.png 500w, https:\/\/proveg.org\/cz\/wp-content\/uploads\/sites\/5\/2026\/03\/MPO-300x180.png 300w, https:\/\/proveg.org\/cz\/wp-content\/uploads\/sites\/5\/2026\/03\/MPO-400x240.png 400w\" sizes=\"(max-width: 500px) 100vw, 500px\" \/><\/figure>\n<\/div>\n\n\n\n<div class=\"wp-block-column is-vertically-aligned-center is-layout-flow wp-block-column-is-layout-flow\">\n<figure class=\"wp-block-image aligncenter size-full is-resized\"><a href=\"https:\/\/www.socr.cz\/\" target=\"_blank\" rel=\" noreferrer noopener\"><img loading=\"lazy\" decoding=\"async\" width=\"500\" height=\"300\" src=\"https:\/\/proveg.org\/cz\/wp-content\/uploads\/sites\/5\/2025\/01\/SOCR.png\" alt=\"Logo SOCR \u010cR s kruhov\u00fdm designem s modr\u00fdmi, b\u00edl\u00fdmi a \u010derven\u00fdmi segmenty vlevo a textem \u201eSOCR \u010cR\u201c nad \u201eSvaz obchodu a cestovn\u00edho ruchu \u010cR\u201c vpravo.\" class=\"wp-image-157773\" style=\"width:250px\" srcset=\"https:\/\/proveg.org\/cz\/wp-content\/uploads\/sites\/5\/2025\/01\/SOCR.png 500w, https:\/\/proveg.org\/cz\/wp-content\/uploads\/sites\/5\/2025\/01\/SOCR-300x180.png 300w, https:\/\/proveg.org\/cz\/wp-content\/uploads\/sites\/5\/2025\/01\/SOCR-400x240.png 400w\" sizes=\"(max-width: 500px) 100vw, 500px\" \/><\/a><\/figure>\n<\/div>\n\n\n\n<div class=\"wp-block-column is-vertically-aligned-center is-layout-flow wp-block-column-is-layout-flow\">\n<figure class=\"wp-block-image aligncenter size-full is-resized\"><a href=\"https:\/\/www.czechtrade.cz\/\" target=\"_blank\" rel=\" noreferrer noopener\"><img loading=\"lazy\" decoding=\"async\" width=\"500\" height=\"300\" src=\"https:\/\/proveg.org\/cz\/wp-content\/uploads\/sites\/5\/2025\/04\/Czech-Trade.png\" alt=\"Logo CzechTrade s modr\u00fdm zak\u0159iven\u00fdm tvarem nad slovem CzechTrade v \u010derven\u00e9 barv\u011b. N\u00ed\u017ee je v men\u0161\u00edm modr\u00e9m textu uvedeno \u010cesk\u00e1 agentura na podporu obchodu. Tento znak spolupracuje s iniciativami, jako je New Food Forum, na podporu inovativn\u00edch obchodn\u00edch \u0159e\u0161en\u00ed.\" class=\"wp-image-159440\" style=\"width:250px\" srcset=\"https:\/\/proveg.org\/cz\/wp-content\/uploads\/sites\/5\/2025\/04\/Czech-Trade.png 500w, https:\/\/proveg.org\/cz\/wp-content\/uploads\/sites\/5\/2025\/04\/Czech-Trade-300x180.png 300w, https:\/\/proveg.org\/cz\/wp-content\/uploads\/sites\/5\/2025\/04\/Czech-Trade-400x240.png 400w\" sizes=\"(max-width: 500px) 100vw, 500px\" \/><\/a><\/figure>\n<\/div>\n<\/div>\n\n\n\n<div style=\"height:15px\" aria-hidden=\"true\" class=\"wp-block-spacer\"><\/div>\n<\/div>\n\n\n\n<div id=\"reference\" class=\"wp-block-group has-light-gray-background-color has-background is-layout-constrained wp-container-core-group-is-layout-07fe807f wp-block-group-is-layout-constrained\" style=\"padding-right:5%;padding-left:5%\">\n<div style=\"height:15px\" aria-hidden=\"true\" class=\"wp-block-spacer\"><\/div>\n\n\n\n<h2 class=\"wp-block-heading has-text-align-center\" id=\"h-co-rikaji-nasi-partneri\">Co \u0159\u00edkaj\u00ed na\u0161i partne\u0159i?<\/h2>\n\n\n\n<div style=\"height:15px\" aria-hidden=\"true\" class=\"wp-block-spacer\"><\/div>\n\n\n\n<div class=\"wp-block-group alignwide ticss-775d88af is-layout-flow wp-block-group-is-layout-flow\">      <link rel=\"stylesheet\" href=\"https:\/\/cdn.jsdelivr.net\/npm\/swiper@9\/swiper-bundle.min.css\" \/>\n\n\n    <div class=\"pv-carousel-container\">\n      <div class=\"swiper pv-carousel-wrapper mySwiper mySwiper-1776965540220-g72v5xymj\" \n        data-carousel-name=\"mySwiper\"\n        data-carousel-unique-name=\"mySwiper-1776965540220-g72v5xymj\"\n        data-no-of-slides=\"2\"\n        data-mobile-swipe=\"1\"\n        data-breakpoint=\"782\"\n        data-output-slide-count=\"2\"\n        data-loop=\"1\"\n        data-timeout=\"0\"\n        pagination=\"true\" \n      >\n      <div class=\"swiper-wrapper ticss-7c303e3f is-style-proveg-b2c-white-box-with-shadow\" \n      \n      >\n        \n\n<div class=\"wp-block-proveg-proveg-carousel-slide swiper-slide\">\n<p class=\"has-text-align-left has-xs-font-size wp-block-paragraph\">\u201eV Chefparade v\u011b\u0159\u00edme, \u017ee j\u00eddlo m\u00e1 s\u00edlu spojovat lidi, inspirovat a otev\u00edrat nov\u00e9 pohledy na to, co j\u00edme. Bav\u00ed n\u00e1s objevovat r\u016fzn\u00e9 kuchyn\u011b sv\u011bta i nov\u00e9 p\u0159\u00edstupy k va\u0159en\u00ed &#8211; v\u010detn\u011b rostlinn\u00e9 gastronomie, kter\u00e1 je dnes p\u0159irozenou sou\u010d\u00e1st\u00ed modern\u00edho stravov\u00e1n\u00ed. Jsme proto r\u00e1di, \u017ee m\u016f\u017eeme b\u00fdt partnery akce New Food Kitchen a podpo\u0159it setk\u00e1v\u00e1n\u00ed lid\u00ed, kte\u0159\u00ed sd\u00edlej\u00ed stejnou v\u00e1\u0161e\u0148 pro j\u00eddlo.\u201c<\/p>\n\n\n\n<div class=\"wp-block-columns are-vertically-aligned-center is-layout-flex wp-container-core-columns-is-layout-3d0949f2 wp-block-columns-is-layout-flex\">\n<div class=\"wp-block-column is-vertically-aligned-center is-layout-flow wp-block-column-is-layout-flow\" style=\"flex-basis:66.66%\">\n<h4 class=\"wp-block-heading has-text-align-left\" id=\"h-tereza-malikova\" style=\"font-size:clamp(1.125rem, 1.125rem + ((1vw - 0.2rem) * 0.659), 1.5rem);text-transform:capitalize\"><strong>Tereza Mal\u00edkov\u00e1<\/strong><\/h4>\n\n\n\n<p class=\"has-text-align-left wp-block-paragraph\" style=\"font-size:1rem\">Event mana\u017eerka<\/p>\n\n\n\n<p class=\"has-text-align-left wp-block-paragraph\" style=\"font-size:1rem\"><strong>Chefparade s.r.o.<\/strong><\/p>\n<\/div>\n\n\n\n<div class=\"wp-block-column is-vertically-aligned-center is-layout-flow wp-block-column-is-layout-flow\" style=\"flex-basis:33.33%\">\n<figure class=\"wp-block-image size-medium has-custom-border\"><img loading=\"lazy\" decoding=\"async\" width=\"300\" height=\"300\" src=\"https:\/\/proveg.org\/cz\/wp-content\/uploads\/sites\/5\/2026\/03\/Veru-prispevky-mixo-pixo-2026-03-23T105450.013-300x300.png\" alt=\"Logo Chefparade \u0160kola Va\u0159en\u00ed se stylizovanou vidli\u010dkou s \u010derven\u00fdmi a \u017elut\u00fdmi kruhy na b\u00edl\u00e9m pozad\u00ed, kter\u00e9 vystihuje ducha nov\u00e9ho potravin\u00e1\u0159sk\u00e9ho f\u00f3ra pro kulin\u00e1\u0159sk\u00e9 nad\u0161ence.\" class=\"wp-image-162551\" style=\"border-radius:9999px;aspect-ratio:1;object-fit:cover\" srcset=\"https:\/\/proveg.org\/cz\/wp-content\/uploads\/sites\/5\/2026\/03\/Veru-prispevky-mixo-pixo-2026-03-23T105450.013-300x300.png 300w, https:\/\/proveg.org\/cz\/wp-content\/uploads\/sites\/5\/2026\/03\/Veru-prispevky-mixo-pixo-2026-03-23T105450.013-1024x1024.png 1024w, https:\/\/proveg.org\/cz\/wp-content\/uploads\/sites\/5\/2026\/03\/Veru-prispevky-mixo-pixo-2026-03-23T105450.013-150x150.png 150w, https:\/\/proveg.org\/cz\/wp-content\/uploads\/sites\/5\/2026\/03\/Veru-prispevky-mixo-pixo-2026-03-23T105450.013-768x768.png 768w, https:\/\/proveg.org\/cz\/wp-content\/uploads\/sites\/5\/2026\/03\/Veru-prispevky-mixo-pixo-2026-03-23T105450.013-500x500.png 500w, https:\/\/proveg.org\/cz\/wp-content\/uploads\/sites\/5\/2026\/03\/Veru-prispevky-mixo-pixo-2026-03-23T105450.013-260x260.png 260w, https:\/\/proveg.org\/cz\/wp-content\/uploads\/sites\/5\/2026\/03\/Veru-prispevky-mixo-pixo-2026-03-23T105450.013-284x284.png 284w, https:\/\/proveg.org\/cz\/wp-content\/uploads\/sites\/5\/2026\/03\/Veru-prispevky-mixo-pixo-2026-03-23T105450.013-390x390.png 390w, https:\/\/proveg.org\/cz\/wp-content\/uploads\/sites\/5\/2026\/03\/Veru-prispevky-mixo-pixo-2026-03-23T105450.013-600x600.png 600w, https:\/\/proveg.org\/cz\/wp-content\/uploads\/sites\/5\/2026\/03\/Veru-prispevky-mixo-pixo-2026-03-23T105450.013.png 1080w\" sizes=\"(max-width: 300px) 100vw, 300px\" \/><\/figure>\n<\/div>\n<\/div>\n<\/div>\n\n\n\n<div class=\"wp-block-proveg-proveg-carousel-slide swiper-slide\">\n<p class=\"has-text-align-left has-xs-font-size wp-block-paragraph\">\u201eVa\u0159it rostlinn\u011b by m\u011bl um\u011bt ka\u017ed\u00fd dobr\u00fd kucha\u0159 \u010di kucha\u0159ka. Na\u0161e pole, louky i lesy nab\u00edz\u00ed velk\u00e9 bohatstv\u00ed rostlinn\u00fdch&nbsp;produkt\u016f, kter\u00e9 se daj\u00ed zpracovat rafinovan\u011b, lahodn\u011b i z\u00e1bavn\u011b. Posouvat vlastn\u00ed schopnosti, roz\u0161i\u0159ovat zku\u0161enosti a inspirovat se od koleg\u016f a kolegy\u0148 je v na\u0161\u00ed profesi kl\u00ed\u010dov\u00e9. Proto se Asociace kucha\u0159\u016f a cukr\u00e1\u0159\u016f zapojila do New Food Kitchen.&#8221;<\/p>\n\n\n\n<div class=\"wp-block-columns are-vertically-aligned-center is-layout-flex wp-container-core-columns-is-layout-3d0949f2 wp-block-columns-is-layout-flex\">\n<div class=\"wp-block-column is-vertically-aligned-center is-layout-flow wp-block-column-is-layout-flow\" style=\"flex-basis:66.66%\">\n<h4 class=\"wp-block-heading has-text-align-left\" id=\"h-tomas-popp\" style=\"font-size:clamp(1.125rem, 1.125rem + ((1vw - 0.2rem) * 0.659), 1.5rem);text-transform:capitalize\"><strong>Tom\u00e1\u0161 Popp<\/strong><\/h4>\n\n\n\n<p class=\"has-text-align-left wp-block-paragraph\" style=\"font-size:1rem\">Mana\u017eer<\/p>\n\n\n\n<p class=\"has-text-align-left wp-block-paragraph\" style=\"font-size:1rem\"><strong>Asociace kucha\u0159\u016f a cukr\u00e1\u0159\u016f \u010cR<\/strong><\/p>\n<\/div>\n\n\n\n<div class=\"wp-block-column is-vertically-aligned-center is-layout-flow wp-block-column-is-layout-flow\" style=\"flex-basis:33.33%\">\n<figure class=\"wp-block-image size-medium has-custom-border\"><img loading=\"lazy\" decoding=\"async\" width=\"300\" height=\"300\" src=\"https:\/\/proveg.org\/cz\/wp-content\/uploads\/sites\/5\/2026\/03\/Veru-prispevky-mixo-pixo-2026-03-23T105443.136-300x300.png\" alt=\"Dv\u011b loga: jedno pro \u010ceskou asociaci kucha\u0159\u016f a cukr\u00e1\u0159\u016f s kucha\u0159skou \u010depic\u00ed a zem\u011bkoul\u00ed a druh\u00e9 pro Sv\u011btovou asociaci kucha\u0159sk\u00fdch spole\u010dnost\u00ed - ide\u00e1ln\u00ed symboly pro nov\u00e9 glob\u00e1ln\u00ed potravin\u00e1\u0159sk\u00e9 f\u00f3rum.\" class=\"wp-image-162552\" style=\"border-radius:9999px;aspect-ratio:1;object-fit:cover\" srcset=\"https:\/\/proveg.org\/cz\/wp-content\/uploads\/sites\/5\/2026\/03\/Veru-prispevky-mixo-pixo-2026-03-23T105443.136-300x300.png 300w, https:\/\/proveg.org\/cz\/wp-content\/uploads\/sites\/5\/2026\/03\/Veru-prispevky-mixo-pixo-2026-03-23T105443.136-1024x1024.png 1024w, https:\/\/proveg.org\/cz\/wp-content\/uploads\/sites\/5\/2026\/03\/Veru-prispevky-mixo-pixo-2026-03-23T105443.136-150x150.png 150w, https:\/\/proveg.org\/cz\/wp-content\/uploads\/sites\/5\/2026\/03\/Veru-prispevky-mixo-pixo-2026-03-23T105443.136-768x768.png 768w, https:\/\/proveg.org\/cz\/wp-content\/uploads\/sites\/5\/2026\/03\/Veru-prispevky-mixo-pixo-2026-03-23T105443.136-500x500.png 500w, https:\/\/proveg.org\/cz\/wp-content\/uploads\/sites\/5\/2026\/03\/Veru-prispevky-mixo-pixo-2026-03-23T105443.136-260x260.png 260w, https:\/\/proveg.org\/cz\/wp-content\/uploads\/sites\/5\/2026\/03\/Veru-prispevky-mixo-pixo-2026-03-23T105443.136-284x284.png 284w, https:\/\/proveg.org\/cz\/wp-content\/uploads\/sites\/5\/2026\/03\/Veru-prispevky-mixo-pixo-2026-03-23T105443.136-390x390.png 390w, https:\/\/proveg.org\/cz\/wp-content\/uploads\/sites\/5\/2026\/03\/Veru-prispevky-mixo-pixo-2026-03-23T105443.136-600x600.png 600w, https:\/\/proveg.org\/cz\/wp-content\/uploads\/sites\/5\/2026\/03\/Veru-prispevky-mixo-pixo-2026-03-23T105443.136.png 1080w\" sizes=\"(max-width: 300px) 100vw, 300px\" \/><\/figure>\n<\/div>\n<\/div>\n<\/div>\n\n      <\/div>\n    <\/div>\n        <\/div> \n\n\n\n<!-- Initialize Swiper -->\n<script>\n  \/\/ let's not load this twice if we have two sliders on one page.\n  if (!Array\n  .from(document.querySelectorAll('script'))\n  .map(scr => scr.src).includes('https:\/\/cdn.jsdelivr.net\/npm\/swiper@9\/swiper-bundle.min.js')) {\n    let swiperScript\n    swiperScript = document.createElement(\"script\");\n    swiperScript.setAttribute(\"src\", \"https:\/\/cdn.jsdelivr.net\/npm\/swiper@9\/swiper-bundle.min.js\");\n\n    document.body.appendChild(swiperScript);\n    swiperScript.addEventListener(\"load\", function() {\n      var carousels = document.querySelectorAll('.swiper.mySwiper');\n\n      \/\/ Loop through each carousel block and call scriptLoaded with the appropriate attributes\n      carousels.forEach(function(carousel) {\n        const carouselName = carousel.getAttribute('data-carousel-name');\n        const carouselUniqueName = carousel.getAttribute('data-carousel-unique-name');\n        const noOfSlides = carousel.getAttribute('data-no-of-slides');\n        const mobileSwipe = carousel.getAttribute('data-mobile-swipe');\n        const breakpoint = carousel.getAttribute('data-breakpoint');\n        const outputSlideCount = carousel.getAttribute('data-output-slide-count');\n        const loop = carousel.getAttribute('data-loop');\n        const timeout = carousel.getAttribute('data-timeout');\n\n        scriptLoaded(carouselName, noOfSlides, mobileSwipe, breakpoint, outputSlideCount, loop, carouselUniqueName, timeout);\n      });\n    }, false);\n  } \n\n  \n\n  function scriptLoaded(carouselName, noOfSlides, mobileSwipe, breakpoint, outputSlideCount, loop, carouselUniqueName, timeout) {\n    let breakpointKey = breakpoint.replace(\"px\", \"\").trim()\n    \/\/ Find all carousel blocks on the page\n    \/\/ var carousels = document.querySelectorAll(`.swiper.mySwiper`);\n    var carousels = document.querySelectorAll(`.swiper.${carouselUniqueName}`);\n      \n      var swiper = new Swiper(`.swiper.${carouselUniqueName}`, {\n        \/\/containerModifierClass: `${carouselUniqueName}-`, \/\/ Ensures unique aria-controls\n        autoHeight: true,\n        slidesPerView: noOfSlides,\n        spaceBetween: 0,\n        watchSlidesVisibility: true, \/\/ Required for slide visibility tracking\n        watchSlidesProgress: true, \n        loop: loop ? true : false,\n        rewind: loop ? false : true,\n        breakpoints: {\n          200: {\n            slidesPerView: 1,\n            \n            allowTouchMove: mobileSwipe ? \"true\" : \"false\",\n            pagination: {\n              enabled: mobileSwipe ? \"true\" : \"false\",\n            },\n          },\n          [breakpointKey]: {\n            autoHeight: false,\n            slidesPerView: noOfSlides,\n            spaceBetween: 30,\n            allowTouchMove: true,\n            pagination: {\n              enabled: true,\n            },\n          },\n        },\n        \/\/ spaceBetween: 30,\n        \/\/cssMode: true,\n        \/\/ modules: [extendSwiper],\n        \/\/ allowTouchMove: true,\n        a11y: {\n          prevSlideMessage: 'Previous slide',\n          nextSlideMessage: 'Next slide' \/*, Commented out temporarily, as screen readers read out this text\n          slideLabelMessage: 'This is a message we should be setting dynamically...'*\/\n        },\n        \/\/ maybe make this a togglable option in future?\n       pagination: {\n          el: `.pagination-el-${carouselUniqueName}`,\n          clickable: true,\n          enabled: false,\n        },\n        navigation: {\n          nextEl: `.next-${carouselUniqueName}`,\n          prevEl: `.prev-${carouselUniqueName}`,\n        },\n        on: {\n          \n          afterInit: function () {\n\n            if (window.innerWidth > 781 && noOfSlides > 2 && outputSlideCount > noOfSlides) {\n              const slides = document.querySelectorAll(`.${carouselUniqueName} .wp-block-proveg-proveg-carousel-slide`)\n              const carouselWrapper = document.querySelector(`.${carouselUniqueName} .swiper-wrapper`);\n\n              \/\/ Check if the carousel is inside a container with the class 'carousel-a-top'\n              \/\/ with this classname we duplicate the last slide, which isn't always desirable\n              const isInCarouselATop = carouselWrapper?.closest('.carousel-a-top') !== null;\n\n              if (isInCarouselATop && !loop) { \/\/ only doing this is using rewind (though, maybe should be removed entirely in future)\n                \/\/ duplicate the last slide\n                const lastSlide = slides[slides.length - 1]\n                const lastSlideClone = lastSlide.cloneNode(true)\n                const carouselWrapper = document.querySelector(`.${carouselUniqueName} .swiper-wrapper`)\n                \/\/ add it to the end\n                carouselWrapper.appendChild(lastSlideClone)\n              }\n        \n            }\n          },\n          slideChange: function () {\n            \/\/ experiment with hiding slides rather than hiding via overflow\n          },\n        },\n        autoplay: timeout && timeout !== '0' ? {\n          delay: timeout,\n          disableOnInteraction: false,\n          pauseOnMouseEnter: true,\n        } : false,\n        \n      });\n\n\n    \/\/ })\n\n    \n  }\n\n<\/script>\n\n<style>\n  .supporters.section .swiper:before {\n    background-image: url('https:\/\/proveg.org\/cz\/wp-content\/plugins\/proveg-plugin-blocks\/src\/blocks\/proveg-carousel\/assets\/quote-bg.png');\n  }\n\n  \n    .swiper.pv-carousel-wrapper.mySwiper-1776965540220-g72v5xymj .swiper-slide {\n    background: #ffffff;\n  }\n  \n<\/style>\n\n    <\/div>\n\n\n<\/div>\n\n\n\n<div id=\"partneri\" class=\"wp-block-group has-white-background-color has-background is-layout-constrained wp-container-core-group-is-layout-60702847 wp-block-group-is-layout-constrained\" style=\"padding-right:5%;padding-left:5%\">\n<div style=\"height:30px\" aria-hidden=\"true\" class=\"wp-block-spacer\"><\/div>\n\n\n\n<h2 class=\"wp-block-heading has-text-align-center has-primary-color has-text-color has-link-color wp-elements-5\" id=\"h-new-food-kitchen-2026-porada-proveg-cesko\"><strong>New Food Kitchen 2026 po\u0159\u00e1d\u00e1 ProVeg \u010cesko<\/strong><\/h2>\n\n\n\n<div style=\"height:40px\" aria-hidden=\"true\" class=\"wp-block-spacer\"><\/div>\n\n\n\n<h3 class=\"wp-block-heading has-text-align-center has-primary-color has-text-color has-link-color wp-elements-6\" id=\"h-hlavni-partner-akce\"><strong><strong>Hlavn\u00ed partner akce<\/strong><\/strong><\/h3>\n\n\n\n<div style=\"height:30px\" aria-hidden=\"true\" class=\"wp-block-spacer\"><\/div>\n\n\n\n<figure class=\"wp-block-image aligncenter size-full is-resized\"><a href=\"https:\/\/www.akc.cz\" target=\"_blank\" rel=\" noreferrer noopener\"><img loading=\"lazy\" decoding=\"async\" width=\"1000\" height=\"698\" src=\"https:\/\/proveg.org\/cz\/wp-content\/uploads\/sites\/5\/2026\/02\/loga_akccrwacs-new.jpg\" alt=\"Logo Asociace kucha\u0159\u016f a cukr\u00e1\u0159\u016f \u010cR, kter\u00e9 je \u010dasto k vid\u011bn\u00ed na nov\u00e9m potravin\u00e1\u0159sk\u00e9m f\u00f3ru, p\u0159edstavuje kucha\u0159skou \u010depici nad zem\u011bkoul\u00ed s \u010derven\u00fdmi, modr\u00fdmi a b\u00edl\u00fdmi pruhy vedle zem\u011bkoule a trofejn\u00edho loga Sv\u011btov\u00e9 asociace kucha\u0159sk\u00fdch spole\u010dnost\u00ed.\" class=\"wp-image-161963\" style=\"width:320px\" srcset=\"https:\/\/proveg.org\/cz\/wp-content\/uploads\/sites\/5\/2026\/02\/loga_akccrwacs-new.jpg 1000w, https:\/\/proveg.org\/cz\/wp-content\/uploads\/sites\/5\/2026\/02\/loga_akccrwacs-new-300x209.jpg 300w, https:\/\/proveg.org\/cz\/wp-content\/uploads\/sites\/5\/2026\/02\/loga_akccrwacs-new-768x536.jpg 768w, https:\/\/proveg.org\/cz\/wp-content\/uploads\/sites\/5\/2026\/02\/loga_akccrwacs-new-372x260.jpg 372w\" sizes=\"(max-width: 1000px) 100vw, 1000px\" \/><\/a><\/figure>\n\n\n\n<div style=\"height:50px\" aria-hidden=\"true\" class=\"wp-block-spacer\"><\/div>\n\n\n\n<h3 class=\"wp-block-heading has-text-align-center has-primary-color has-text-color has-link-color wp-elements-7\" id=\"h-partneri\"><strong>Partne\u0159i<\/strong><\/h3>\n\n\n\n<div style=\"height:16px\" aria-hidden=\"true\" class=\"wp-block-spacer\"><\/div>\n\n\n\n<div class=\"wp-block-columns alignfull is-layout-flex wp-container-core-columns-is-layout-cebb5f5f wp-block-columns-is-layout-flex\" style=\"padding-right:5%;padding-left:5%\">\n<div class=\"wp-block-column is-vertically-aligned-center is-layout-flow wp-block-column-is-layout-flow\">\n<figure class=\"wp-block-image size-full\"><a href=\"https:\/\/lunter.com\" target=\"_blank\" rel=\" noreferrer noopener\"><img loading=\"lazy\" decoding=\"async\" width=\"500\" height=\"300\" src=\"https:\/\/proveg.org\/cz\/wp-content\/uploads\/sites\/5\/2026\/03\/Lunter-professional.png\" alt=\"Obd\u00e9ln\u00edk v barv\u011b teal se srd\u00ed\u010dkem nad tu\u010dn\u00fdm b\u00edl\u00fdm n\u00e1pisem &quot;LUNTER&quot; uvnit\u0159 tmav\u00e9ho tvaru dome\u010dku, nad n\u00e1pisem &quot;PROFESSIONAL&quot; na b\u00edl\u00e9m pozad\u00ed - ide\u00e1ln\u00ed pro va\u0161i novou komunitu na f\u00f3ru o j\u00eddle.\" class=\"wp-image-162286\" srcset=\"https:\/\/proveg.org\/cz\/wp-content\/uploads\/sites\/5\/2026\/03\/Lunter-professional.png 500w, https:\/\/proveg.org\/cz\/wp-content\/uploads\/sites\/5\/2026\/03\/Lunter-professional-300x180.png 300w, https:\/\/proveg.org\/cz\/wp-content\/uploads\/sites\/5\/2026\/03\/Lunter-professional-400x240.png 400w\" sizes=\"(max-width: 500px) 100vw, 500px\" \/><\/a><\/figure>\n<\/div>\n\n\n\n<div class=\"wp-block-column is-vertically-aligned-center is-layout-flow wp-block-column-is-layout-flow\">\n<figure class=\"wp-block-image size-full\"><a href=\"https:\/\/www.chefparade.cz\" target=\"_blank\" rel=\" noreferrer noopener\"><img loading=\"lazy\" decoding=\"async\" width=\"500\" height=\"300\" src=\"https:\/\/proveg.org\/cz\/wp-content\/uploads\/sites\/5\/2026\/03\/chefparade.png\" alt=\"Logo pro Chefparade \u0160kola Va\u0159en\u00ed se stylizovanou vidli\u010dkou ve \u017elut\u00e9 a \u010derven\u00e9 barv\u011b, kruhov\u00fdmi tvary v pozad\u00ed a textem ve \u017elut\u00e9 a \u010derven\u00e9 barv\u011b na b\u00edl\u00e9m pozad\u00ed - ide\u00e1ln\u00ed pro nov\u00e9 potravin\u00e1\u0159sk\u00e9 f\u00f3rum.\" class=\"wp-image-162289\" style=\"aspect-ratio:2.111691442346324;object-fit:cover\" srcset=\"https:\/\/proveg.org\/cz\/wp-content\/uploads\/sites\/5\/2026\/03\/chefparade.png 500w, https:\/\/proveg.org\/cz\/wp-content\/uploads\/sites\/5\/2026\/03\/chefparade-300x180.png 300w, https:\/\/proveg.org\/cz\/wp-content\/uploads\/sites\/5\/2026\/03\/chefparade-400x240.png 400w\" sizes=\"(max-width: 500px) 100vw, 500px\" \/><\/a><\/figure>\n<\/div>\n\n\n\n<div class=\"wp-block-column is-layout-flow wp-block-column-is-layout-flow\">\n<figure class=\"wp-block-image aligncenter size-full is-resized\"><a href=\"https:\/\/www.v-label.com\" target=\"_blank\" rel=\" noreferrer noopener\"><img loading=\"lazy\" decoding=\"async\" width=\"770\" height=\"770\" src=\"https:\/\/proveg.org\/cz\/wp-content\/uploads\/sites\/5\/2026\/01\/V-Label_Vegan_Color-edited-1.png\" alt=\"\u017dlut\u00e9 kruhov\u00e9 logo se zelen\u00fdm p\u00edsmenem V a listem s n\u00e1pisem V-Label International v-label.com symbolizuje vegansk\u00e9 standardy na nov\u00e9m potravin\u00e1\u0159sk\u00e9m f\u00f3ru. Pod n\u00edm je ve \u017elut\u00e9m obd\u00e9ln\u00edku tu\u010dn\u00fdm zelen\u00fdm p\u00edsmem uvedeno VEGAN.\" class=\"wp-image-161725\" style=\"width:auto;height:180px\" srcset=\"https:\/\/proveg.org\/cz\/wp-content\/uploads\/sites\/5\/2026\/01\/V-Label_Vegan_Color-edited-1.png 770w, https:\/\/proveg.org\/cz\/wp-content\/uploads\/sites\/5\/2026\/01\/V-Label_Vegan_Color-edited-1-300x300.png 300w, https:\/\/proveg.org\/cz\/wp-content\/uploads\/sites\/5\/2026\/01\/V-Label_Vegan_Color-edited-1-150x150.png 150w, https:\/\/proveg.org\/cz\/wp-content\/uploads\/sites\/5\/2026\/01\/V-Label_Vegan_Color-edited-1-768x768.png 768w, https:\/\/proveg.org\/cz\/wp-content\/uploads\/sites\/5\/2026\/01\/V-Label_Vegan_Color-edited-1-500x500.png 500w, https:\/\/proveg.org\/cz\/wp-content\/uploads\/sites\/5\/2026\/01\/V-Label_Vegan_Color-edited-1-260x260.png 260w, https:\/\/proveg.org\/cz\/wp-content\/uploads\/sites\/5\/2026\/01\/V-Label_Vegan_Color-edited-1-284x284.png 284w, https:\/\/proveg.org\/cz\/wp-content\/uploads\/sites\/5\/2026\/01\/V-Label_Vegan_Color-edited-1-390x390.png 390w, https:\/\/proveg.org\/cz\/wp-content\/uploads\/sites\/5\/2026\/01\/V-Label_Vegan_Color-edited-1-600x600.png 600w\" sizes=\"(max-width: 770px) 100vw, 770px\" \/><\/a><\/figure>\n<\/div>\n\n\n\n<div class=\"wp-block-column is-layout-flow wp-block-column-is-layout-flow\">\n<figure class=\"wp-block-image size-full\"><a href=\"https:\/\/titbit.cz\" target=\"_blank\" rel=\" noreferrer noopener\"><img loading=\"lazy\" decoding=\"async\" width=\"500\" height=\"300\" src=\"https:\/\/proveg.org\/cz\/wp-content\/uploads\/sites\/5\/2026\/04\/Titbit.png\" alt=\"Slovo titbit je naps\u00e1no tu\u010dn\u00fdmi \u010derven\u00fdmi mal\u00fdmi p\u00edsmeny, p\u0159i\u010dem\u017e druh\u00e1 te\u010dka nad i je zelen\u00e1 m\u00edsto \u010derven\u00e9, co\u017e odr\u00e1\u017e\u00ed hravou nar\u00e1\u017eku na nov\u00e9 potravinov\u00e9 f\u00f3rum.\" class=\"wp-image-162746\" srcset=\"https:\/\/proveg.org\/cz\/wp-content\/uploads\/sites\/5\/2026\/04\/Titbit.png 500w, https:\/\/proveg.org\/cz\/wp-content\/uploads\/sites\/5\/2026\/04\/Titbit-300x180.png 300w, https:\/\/proveg.org\/cz\/wp-content\/uploads\/sites\/5\/2026\/04\/Titbit-400x240.png 400w\" sizes=\"(max-width: 500px) 100vw, 500px\" \/><\/a><\/figure>\n<\/div>\n\n\n\n<div class=\"wp-block-column is-layout-flow wp-block-column-is-layout-flow\">\n<figure class=\"wp-block-image size-full\"><a href=\"https:\/\/www.kulina.cz\" target=\"_blank\" rel=\" noreferrer noopener\"><img loading=\"lazy\" decoding=\"async\" width=\"500\" height=\"300\" src=\"https:\/\/proveg.org\/cz\/wp-content\/uploads\/sites\/5\/2026\/03\/kulina-1.png\" alt=\"Modr\u00fd kurz\u00edvou psan\u00fd text kulina, inspirovan\u00fd nov\u00fdm potravin\u00e1\u0159sk\u00fdm f\u00f3rem, n\u00e1sledovan\u00fd modrou ikonou kucha\u0159sk\u00e9 \u010depice na b\u00edl\u00e9m pozad\u00ed.\" class=\"wp-image-162290\" srcset=\"https:\/\/proveg.org\/cz\/wp-content\/uploads\/sites\/5\/2026\/03\/kulina-1.png 500w, https:\/\/proveg.org\/cz\/wp-content\/uploads\/sites\/5\/2026\/03\/kulina-1-300x180.png 300w, https:\/\/proveg.org\/cz\/wp-content\/uploads\/sites\/5\/2026\/03\/kulina-1-400x240.png 400w\" sizes=\"(max-width: 500px) 100vw, 500px\" \/><\/a><\/figure>\n<\/div>\n\n\n\n<div class=\"wp-block-column is-layout-flow wp-block-column-is-layout-flow\">\n<figure class=\"wp-block-image size-full\"><a href=\"https:\/\/www.beavia.com\/cs\" target=\"_blank\" rel=\" noreferrer noopener\"><img loading=\"lazy\" decoding=\"async\" width=\"500\" height=\"300\" src=\"https:\/\/proveg.org\/cz\/wp-content\/uploads\/sites\/5\/2026\/03\/Loga-na-web-logo-2-1.png\" alt=\"Logo s teal kruhov\u00fdm pozad\u00edm, s mal\u00fdm b\u00edl\u00fdm p\u00edsmem slova beavia, \u017elut\u00fdm akcentem nad v a sloganem pure food. pure love. pod n\u00edm - ide\u00e1ln\u00ed pro nov\u00e9 potravin\u00e1\u0159sk\u00e9 f\u00f3rum, kter\u00e9 hled\u00e1 novou identitu.\" class=\"wp-image-162347\" srcset=\"https:\/\/proveg.org\/cz\/wp-content\/uploads\/sites\/5\/2026\/03\/Loga-na-web-logo-2-1.png 500w, https:\/\/proveg.org\/cz\/wp-content\/uploads\/sites\/5\/2026\/03\/Loga-na-web-logo-2-1-300x180.png 300w, https:\/\/proveg.org\/cz\/wp-content\/uploads\/sites\/5\/2026\/03\/Loga-na-web-logo-2-1-400x240.png 400w\" sizes=\"(max-width: 500px) 100vw, 500px\" \/><\/a><\/figure>\n<\/div>\n<\/div>\n\n\n\n<div style=\"height:40px\" aria-hidden=\"true\" class=\"wp-block-spacer\"><\/div>\n\n\n\n<h3 class=\"wp-block-heading has-text-align-center has-primary-color has-text-color has-link-color wp-elements-8\" id=\"h-vyhradni-kavovy-partner\"><strong><strong>V\u00fdhradn\u00ed k\u00e1vov\u00fd partner<\/strong><\/strong><\/h3>\n\n\n\n<div style=\"height:15px\" aria-hidden=\"true\" class=\"wp-block-spacer\"><\/div>\n\n\n\n<div class=\"wp-block-columns is-layout-flex wp-container-core-columns-is-layout-ed16a6dc wp-block-columns-is-layout-flex\" style=\"padding-right:5%;padding-left:5%\">\n<div class=\"wp-block-column is-vertically-aligned-center is-layout-flow wp-block-column-is-layout-flow\"><\/div>\n\n\n\n<div class=\"wp-block-column is-vertically-aligned-center is-layout-flow wp-block-column-is-layout-flow\">\n<figure class=\"wp-block-image aligncenter size-full\"><a href=\"https:\/\/www.birdsong.cz\/?srsltid=AfmBOopoPciLivszt438TijjOw1FwMv6zkb654PsYxjpgrMWTvzXSmVG\" target=\"_blank\" rel=\" noreferrer noopener\"><img loading=\"lazy\" decoding=\"async\" width=\"500\" height=\"300\" src=\"https:\/\/proveg.org\/cz\/wp-content\/uploads\/sites\/5\/2026\/03\/Loga-na-web-logo.png\" alt=\"Logo BirdSong Coffee se stylizovan\u00fdm pt\u00e1kem z k\u00e1vov\u00e9ho zrna a zelen\u00fdch list\u016f, pod n\u00edm\u017e je text BirdSong Coffee a slogan &quot;a cup of nature&quot; - ide\u00e1ln\u00ed pro diskusi na jak\u00e9mkoli f\u00f3ru o nov\u00fdch potravin\u00e1ch.\" class=\"wp-image-162294\" srcset=\"https:\/\/proveg.org\/cz\/wp-content\/uploads\/sites\/5\/2026\/03\/Loga-na-web-logo.png 500w, https:\/\/proveg.org\/cz\/wp-content\/uploads\/sites\/5\/2026\/03\/Loga-na-web-logo-300x180.png 300w, https:\/\/proveg.org\/cz\/wp-content\/uploads\/sites\/5\/2026\/03\/Loga-na-web-logo-400x240.png 400w\" sizes=\"(max-width: 500px) 100vw, 500px\" \/><\/a><\/figure>\n<\/div>\n\n\n\n<div class=\"wp-block-column is-vertically-aligned-center is-layout-flow wp-block-column-is-layout-flow\"><\/div>\n<\/div>\n\n\n\n<div style=\"height:30px\" aria-hidden=\"true\" class=\"wp-block-spacer\"><\/div>\n\n\n\n<h3 class=\"wp-block-heading has-text-align-center has-primary-color has-text-color has-link-color wp-elements-9\" id=\"h-medialni-partneri\"><strong><strong>Medi\u00e1ln\u00ed partne\u0159i<\/strong><\/strong><\/h3>\n\n\n\n<div style=\"height:15px\" aria-hidden=\"true\" class=\"wp-block-spacer\"><\/div>\n\n\n\n<div class=\"wp-block-columns is-layout-flex wp-container-core-columns-is-layout-ed16a6dc wp-block-columns-is-layout-flex\" style=\"padding-right:5%;padding-left:5%\">\n<div class=\"wp-block-column is-vertically-aligned-center is-layout-flow wp-block-column-is-layout-flow\">\n<figure class=\"wp-block-image aligncenter size-full\"><a href=\"https:\/\/www.gastro-report.cz\" target=\"_blank\" rel=\" noreferrer noopener\"><img loading=\"lazy\" decoding=\"async\" width=\"500\" height=\"300\" src=\"https:\/\/proveg.org\/cz\/wp-content\/uploads\/sites\/5\/2025\/03\/Gastro-Report-Minutka.png\" alt=\"Textov\u00e9 logo s n\u00e1pisem \u201egastro report &amp; minutka\u201c s \u201egastro reportem\u201c tu\u010dn\u00fdm \u010dern\u00fdm p\u00edsmem a \u201e&amp; minutka\u201c tu\u010dn\u00fdm \u010derven\u00fdm p\u00edsmem na b\u00edl\u00e9m pozad\u00ed, dokonale vystihuj\u00edc\u00ed podstatu New Food Forum.\" class=\"wp-image-158704\" style=\"object-fit:cover\" srcset=\"https:\/\/proveg.org\/cz\/wp-content\/uploads\/sites\/5\/2025\/03\/Gastro-Report-Minutka.png 500w, https:\/\/proveg.org\/cz\/wp-content\/uploads\/sites\/5\/2025\/03\/Gastro-Report-Minutka-300x180.png 300w, https:\/\/proveg.org\/cz\/wp-content\/uploads\/sites\/5\/2025\/03\/Gastro-Report-Minutka-400x240.png 400w\" sizes=\"(max-width: 500px) 100vw, 500px\" \/><\/a><\/figure>\n<\/div>\n\n\n\n<div class=\"wp-block-column is-vertically-aligned-center is-layout-flow wp-block-column-is-layout-flow\">\n<figure class=\"wp-block-image aligncenter size-full\"><a href=\"https:\/\/www.gastro-report.cz\" target=\"_blank\" rel=\" noreferrer noopener\"><img loading=\"lazy\" decoding=\"async\" width=\"500\" height=\"300\" src=\"https:\/\/proveg.org\/cz\/wp-content\/uploads\/sites\/5\/2025\/03\/Cafe-Patisserie.png\" alt=\"Text \u201ecaf\u00e9 &amp; patisserie\u201c stylizovan\u00fdmi mal\u00fdmi p\u00edsmeny p\u0159ipom\u00ednaj\u00edc\u00ed titulek New Food Forum. &quot;Caf\u00e9&quot; je v tmav\u011b hn\u011bd\u00e9 barv\u011b, zat\u00edmco &quot;&amp; patisserie&quot; je ho\u0159\u010dicov\u011b \u017elut\u00e1 na ostr\u00e9m b\u00edl\u00e9m pozad\u00ed.\" class=\"wp-image-158705\" srcset=\"https:\/\/proveg.org\/cz\/wp-content\/uploads\/sites\/5\/2025\/03\/Cafe-Patisserie.png 500w, https:\/\/proveg.org\/cz\/wp-content\/uploads\/sites\/5\/2025\/03\/Cafe-Patisserie-300x180.png 300w, https:\/\/proveg.org\/cz\/wp-content\/uploads\/sites\/5\/2025\/03\/Cafe-Patisserie-400x240.png 400w\" sizes=\"(max-width: 500px) 100vw, 500px\" \/><\/a><\/figure>\n<\/div>\n\n\n\n<div class=\"wp-block-column is-vertically-aligned-center is-layout-flow wp-block-column-is-layout-flow\">\n<figure class=\"wp-block-image size-full\"><a href=\"https:\/\/gastroahotel.cz\" target=\"_blank\" rel=\" noreferrer noopener\"><img loading=\"lazy\" decoding=\"async\" width=\"500\" height=\"300\" src=\"https:\/\/proveg.org\/cz\/wp-content\/uploads\/sites\/5\/2025\/03\/Gastro-Hotel.png\" alt=\"Logo s tu\u010dn\u00fdm \u010dern\u00fdm textem \u201eGASTRO &amp; HOTEL\u201c s v\u00fdrazn\u00fdm \u010derven\u00fdm ampersandem a men\u0161\u00edm \u010derven\u00fdm textem napravo, kter\u00fd zn\u00ed \u201eprofi rewe\u201c. Tento design na b\u00edl\u00e9m pozad\u00ed hladce rezonuje s inovativn\u00edm duchem New Food Forum.\" class=\"wp-image-158923\" srcset=\"https:\/\/proveg.org\/cz\/wp-content\/uploads\/sites\/5\/2025\/03\/Gastro-Hotel.png 500w, https:\/\/proveg.org\/cz\/wp-content\/uploads\/sites\/5\/2025\/03\/Gastro-Hotel-300x180.png 300w, https:\/\/proveg.org\/cz\/wp-content\/uploads\/sites\/5\/2025\/03\/Gastro-Hotel-400x240.png 400w\" sizes=\"(max-width: 500px) 100vw, 500px\" \/><\/a><\/figure>\n<\/div>\n\n\n\n<div class=\"wp-block-column is-layout-flow wp-block-column-is-layout-flow\">\n<figure class=\"wp-block-image size-full\"><a href=\"https:\/\/www.fany.cz\/clanek\/156\/fany-info-revue-2026-2\/\" target=\"_blank\" rel=\" noreferrer noopener\"><img loading=\"lazy\" decoding=\"async\" width=\"500\" height=\"300\" src=\"https:\/\/proveg.org\/cz\/wp-content\/uploads\/sites\/5\/2026\/04\/Loga-na-web-logo-3.png\" alt=\"Tu\u010dn\u00fdm, tmav\u011b modr\u00fdm velk\u00fdm p\u00edsmem je naps\u00e1no slovo REVUE a logo Fanyinfo p\u0159ekr\u00fdv\u00e1 lev\u00fd doln\u00ed roh p\u00edsmene R, \u010d\u00edm\u017e je zd\u016frazn\u011bno jeho spojen\u00ed s nov\u00fdm potravin\u00e1\u0159sk\u00fdm f\u00f3rem.\" class=\"wp-image-162824\" srcset=\"https:\/\/proveg.org\/cz\/wp-content\/uploads\/sites\/5\/2026\/04\/Loga-na-web-logo-3.png 500w, https:\/\/proveg.org\/cz\/wp-content\/uploads\/sites\/5\/2026\/04\/Loga-na-web-logo-3-300x180.png 300w, https:\/\/proveg.org\/cz\/wp-content\/uploads\/sites\/5\/2026\/04\/Loga-na-web-logo-3-400x240.png 400w\" sizes=\"(max-width: 500px) 100vw, 500px\" \/><\/a><\/figure>\n<\/div>\n<\/div>\n\n\n\n<div style=\"height:15px\" aria-hidden=\"true\" class=\"wp-block-spacer\"><\/div>\n\n\n\n\n\n\n<\/div>\n\n\n\n<div id=\"kontakt\" class=\"wp-block-group is-layout-constrained wp-container-core-group-is-layout-a3f5e931 wp-block-group-is-layout-constrained\" style=\"padding-right:5%;padding-left:5%\">\n<div style=\"height:5px\" aria-hidden=\"true\" class=\"wp-block-spacer\"><\/div>\n\n\n\n<h2 class=\"wp-block-heading\" id=\"h-kontakt\">Kontakt<\/h2>\n\n\n\n<h3 class=\"wp-block-heading\" id=\"h-mate-zajem-se-zapojit\"><strong>M\u00e1te z\u00e1jem se zapojit? <\/strong><\/h3>\n\n\n\n<p class=\"wp-block-paragraph\">Ozv\u011bte se n\u00e1m, r\u00e1di s v\u00e1mi probereme mo\u017enosti partnerstv\u00ed.<\/p>\n\n\n\n<div style=\"height:20px\" aria-hidden=\"true\" class=\"wp-block-spacer\"><\/div>\n\n\n\n<div class=\"wp-block-group is-layout-constrained wp-container-core-group-is-layout-f007a494 wp-block-group-is-layout-constrained\">\n<div id=\"big-tile-e-block_862c85b63709300c30ac38f77c176897\" class=\"big-tile-e swiper-slide\">\n<style>.big-tile-e {\n  padding: 10px 20px 0px 30px;\n  position: relative;\n  background-color: #fff;\n  box-shadow: 0px 36px 30px -20px rgba(17, 40, 74, 0.1);\n  overflow: hidden;\n}\n.big-tile-e .wp-block-button .wp-block-button__link {\n  padding-left: 0 !important;\n  padding-right: 0 !important;\n}\n@media (max-width: 991px) {\n  .big-tile-e {\n    border-radius: 4px 4px 50px 4px;\n  }\n  .big-tile-e .tile-img-col {\n    max-width: 70px;\n    position: absolute;\n    bottom: 25px;\n    right: 0px;\n  }\n  .big-tile-e h4 {\n    position: absolute;\n    bottom: 53px;\n    left: 0;\n  }\n  .big-tile-e h5 {\n    position: absolute;\n    bottom: 33px;\n    left: 0;\n  }\n  .big-tile-e .inner-wrap {\n    padding-bottom: 118px;\n  }\n  .big-tile-e .wp-block-buttons {\n    display: none;\n  }\n}\n@media (min-width: 992px) {\n  .big-tile-e {\n    padding: 20px 40px 13px 40px;\n  }\n  .reversed-order .order-1 {\n    order: 2;\n  }\n  .reversed-order .order-2 {\n    order: 1;\n  }\n  .big-tile-e:not(.reversed-order) {\n    border-radius: 4px 4px 4px 120px;\n  }\n  .big-tile-e.reversed-order {\n    border-radius: 4px 4px 120px 4px;\n  }\n  .big-tile-e .tile-img-col {\n    width: 21.5%;\n  }\n  .big-tile-e .tile-text-col {\n    width: 72.5%;\n  }\n  .big-tile-e:not(.reversed-order) .tile-img-col {\n    margin-right: 6%;\n  }\n  .big-tile-e.reversed-order .tile-img-col {\n    margin-left: 6%;\n  }\n}\n.big-tile-e .tile-img-col img {\n  border-radius: 50%;\n}\n.big-tile-e .tile-text-col h4,\n.big-tile-e .tile-text-col h5 {\n  font-stretch: normal;\n}\n.big-tile-e .tile-text-col p {\n  font-stretch: condensed;\n  line-height: 28px;\n}\n:where(body:not(.home)) .big-tile-e .tile-img-col figure {\n  width: 100%;\n}\n\n.d-md-flex {\n  display: flex;\n}\n\n@media all and (max-width: 781.8px) {\n  .big-tile-e {\n    padding: 10px 20px 0px 20px;\n  }\n\n  .big-tile-e .contact-card {\n  }\n}\n\n\/* we're using this as a contact card, so a couple of relevant styles for that *\/\n\n@media all and (max-width: 991px) {\n  .contact-card .big-tile-e .wp-block-buttons {\n    display: flex;\n  }\n\n  .contact-card .big-tile-e .person {\n    max-width: calc(100% - 80px);\n    position: absolute;\n    bottom: 53px;\n    left: 0;\n  }\n\n  .contact-card .big-tile-e .person h5,\n  .contact-card .big-tile-e .person h4 {\n    position: unset;\n  }\n}\n\n@media all and (max-width: 781.8px) {\n  .contact-card .big-tile-e .acf-innerblocks-container > div {\n    padding-bottom: 80px;\n  }\n\n  .contact-card .big-tile-e .person {\n    position: relative;\n    bottom: 0;\n    max-width: 90%;\n  }\n\n  .contact-card .big-tile-e .tile-img-col {\n    bottom: 10px;\n    right: 10px;\n  }\n}\n<\/style><div class=\"acf-innerblocks-container\">\n\n<div class=\"wp-block-group d-md-flex align-items-center position-relative inner-wrap is-layout-flow wp-block-group-is-layout-flow\">\n<div class=\"wp-block-group tile-img-col order-1 is-layout-flow wp-block-group-is-layout-flow\">\n<figure class=\"wp-block-image size-large\"><img loading=\"lazy\" decoding=\"async\" width=\"1024\" height=\"1024\" src=\"https:\/\/proveg.org\/cz\/wp-content\/uploads\/sites\/5\/2024\/09\/Tereza-Deakova-1024x1024.jpg\" alt=\"\" class=\"wp-image-156610\" style=\"aspect-ratio:1;object-fit:cover\" srcset=\"https:\/\/proveg.org\/cz\/wp-content\/uploads\/sites\/5\/2024\/09\/Tereza-Deakova-1024x1024.jpg 1024w, https:\/\/proveg.org\/cz\/wp-content\/uploads\/sites\/5\/2024\/09\/Tereza-Deakova-300x300.jpg 300w, https:\/\/proveg.org\/cz\/wp-content\/uploads\/sites\/5\/2024\/09\/Tereza-Deakova-150x150.jpg 150w, https:\/\/proveg.org\/cz\/wp-content\/uploads\/sites\/5\/2024\/09\/Tereza-Deakova-768x768.jpg 768w, https:\/\/proveg.org\/cz\/wp-content\/uploads\/sites\/5\/2024\/09\/Tereza-Deakova-1536x1536.jpg 1536w, https:\/\/proveg.org\/cz\/wp-content\/uploads\/sites\/5\/2024\/09\/Tereza-Deakova-2048x2048.jpg 2048w, https:\/\/proveg.org\/cz\/wp-content\/uploads\/sites\/5\/2024\/09\/Tereza-Deakova-500x500.jpg 500w, https:\/\/proveg.org\/cz\/wp-content\/uploads\/sites\/5\/2024\/09\/Tereza-Deakova-260x260.jpg 260w, https:\/\/proveg.org\/cz\/wp-content\/uploads\/sites\/5\/2024\/09\/Tereza-Deakova-600x600.jpg 600w, https:\/\/proveg.org\/cz\/wp-content\/uploads\/sites\/5\/2024\/09\/Tereza-Deakova-230x230.jpg 230w, https:\/\/proveg.org\/cz\/wp-content\/uploads\/sites\/5\/2024\/09\/Tereza-Deakova-24x24.jpg 24w, https:\/\/proveg.org\/cz\/wp-content\/uploads\/sites\/5\/2024\/09\/Tereza-Deakova-48x48.jpg 48w, https:\/\/proveg.org\/cz\/wp-content\/uploads\/sites\/5\/2024\/09\/Tereza-Deakova-96x96.jpg 96w\" sizes=\"(max-width: 1024px) 100vw, 1024px\" \/><\/figure>\n<\/div>\n\n\n\n<div class=\"wp-block-group tile-text-col order-2 is-layout-flow wp-block-group-is-layout-flow\">\n<div class=\"wp-block-group person is-layout-flow wp-block-group-is-layout-flow\">\n<h4 class=\"wp-block-heading has-text-align-left has-green-color has-text-color\" id=\"h-tereza-deakova\" style=\"margin-top:0px;margin-bottom:0px;font-size:clamp(18px, 1.125rem + ((1vw - 3.2px) * 0.659), 24px);\">Tereza De\u00e1kov\u00e1<\/h4>\n<\/div>\n\n\n\n<p class=\"has-text-align-left has-dark-grey-color has-text-color wp-block-paragraph\" style=\"font-size:clamp(18px, 1.125rem + ((1vw - 3.2px) * 0.22), 20px);font-style:normal;font-weight:300\">M\u00e1te ot\u00e1zky? Ozv\u011bte se, r\u00e1da je zodpov\u00edm.<\/p>\n\n\n\n<p class=\"has-text-align-left has-jungle-green-color has-text-color has-link-color wp-elements-11 wp-block-paragraph\"><a href=\"mailto:tereza.deakova@proveg.org\">tereza.deakova@proveg.org<\/a><\/p>\n<\/div>\n<\/div>\n\n<\/div><\/div><\/div>\n\n\n\n<div style=\"height:40px\" aria-hidden=\"true\" class=\"wp-block-spacer\"><\/div>\n\n\n\n<div class=\"wp-block-group has-white-background-color has-background is-layout-constrained wp-block-group-is-layout-constrained\">\n<h3 class=\"wp-block-heading has-text-align-center has-primary-color has-text-color has-link-color wp-elements-12\" id=\"h-new-food-kitchen-je-castecne-financovana\">New Food Kitchen je \u010d\u00e1ste\u010dn\u011b financov\u00e1na:<\/h3>\n\n\n\n<div class=\"wp-block-columns is-layout-flex wp-container-core-columns-is-layout-3d0949f2 wp-block-columns-is-layout-flex\">\n<div class=\"wp-block-column is-layout-flow wp-block-column-is-layout-flow\">\n<figure data-wp-context=\"{&quot;imageId&quot;:&quot;6a9bed021b1ab&quot;}\" data-wp-interactive=\"core\/image\" data-wp-key=\"6a9bed021b1ab\" class=\"wp-block-image aligncenter size-full is-resized wp-lightbox-container\"><img loading=\"lazy\" decoding=\"async\" width=\"1837\" height=\"310\" data-wp-class--hide=\"state.isContentHidden\" data-wp-class--show=\"state.isContentVisible\" data-wp-init=\"callbacks.setButtonStyles\" data-wp-on--click=\"actions.showLightbox\" data-wp-on--load=\"callbacks.setButtonStyles\" data-wp-on--pointerdown=\"actions.preloadImage\" data-wp-on--pointerenter=\"actions.preloadImageWithDelay\" data-wp-on--pointerleave=\"actions.cancelPreload\" data-wp-on-window--resize=\"callbacks.setButtonStyles\" src=\"https:\/\/proveg.org\/cz\/wp-content\/uploads\/sites\/5\/2025\/10\/EIT-Food-EU-Logo-RGB-Landscape-1.jpg\" alt=\"Logo s eit Food vedle modr\u00e9 vlajky se \u017elut\u00fdmi hv\u011bzdami p\u0159edstavuj\u00edc\u00edmi Evropskou unii a textem Spolufinancov\u00e1no Evropskou uni\u00ed vpravo, kter\u00fd zd\u016fraz\u0148uje podporu iniciativ, jako je nov\u00e9 potravinov\u00e9 f\u00f3rum.\" class=\"wp-image-161085\" style=\"width:498px;height:auto\" srcset=\"https:\/\/proveg.org\/cz\/wp-content\/uploads\/sites\/5\/2025\/10\/EIT-Food-EU-Logo-RGB-Landscape-1.jpg 1837w, https:\/\/proveg.org\/cz\/wp-content\/uploads\/sites\/5\/2025\/10\/EIT-Food-EU-Logo-RGB-Landscape-1-300x51.jpg 300w, https:\/\/proveg.org\/cz\/wp-content\/uploads\/sites\/5\/2025\/10\/EIT-Food-EU-Logo-RGB-Landscape-1-1024x173.jpg 1024w, https:\/\/proveg.org\/cz\/wp-content\/uploads\/sites\/5\/2025\/10\/EIT-Food-EU-Logo-RGB-Landscape-1-768x130.jpg 768w, https:\/\/proveg.org\/cz\/wp-content\/uploads\/sites\/5\/2025\/10\/EIT-Food-EU-Logo-RGB-Landscape-1-1536x259.jpg 1536w, https:\/\/proveg.org\/cz\/wp-content\/uploads\/sites\/5\/2025\/10\/EIT-Food-EU-Logo-RGB-Landscape-1-400x68.jpg 400w\" sizes=\"(max-width: 1837px) 100vw, 1837px\" \/><button\n\t\t\tclass=\"lightbox-trigger\"\n\t\t\ttype=\"button\"\n\t\t\taria-haspopup=\"dialog\"\n\t\t\tdata-wp-bind--aria-label=\"state.thisImage.triggerButtonAriaLabel\"\n\t\t\tdata-wp-init=\"callbacks.initTriggerButton\"\n\t\t\tdata-wp-on--click=\"actions.showLightbox\"\n\t\t\tdata-wp-style--right=\"state.thisImage.buttonRight\"\n\t\t\tdata-wp-style--top=\"state.thisImage.buttonTop\"\n\t\t>\n\t\t\t<svg xmlns=\"http:\/\/www.w3.org\/2000\/svg\" width=\"12\" height=\"12\" fill=\"none\" viewBox=\"0 0 12 12\">\n\t\t\t\t<path fill=\"#fff\" d=\"M2 0a2 2 0 0 0-2 2v2h1.5V2a.5.5 0 0 1 .5-.5h2V0H2Zm2 10.5H2a.5.5 0 0 1-.5-.5V8H0v2a2 2 0 0 0 2 2h2v-1.5ZM8 12v-1.5h2a.5.5 0 0 0 .5-.5V8H12v2a2 2 0 0 1-2 2H8Zm2-12a2 2 0 0 1 2 2v2h-1.5V2a.5.5 0 0 0-.5-.5H8V0h2Z\" \/>\n\t\t\t<\/svg>\n\t\t<\/button><\/figure>\n<\/div>\n<\/div>\n<\/div>\n\n\n\n<div style=\"height:40px\" aria-hidden=\"true\" class=\"wp-block-spacer\"><\/div>\n<\/div>\n\n\n\n<div class=\"wp-block-proveg-popup-auto popup-auto ticss-f803cf5d\" data-minimal-popup=\"1\" data-cookie-name=\"sticky-footer\" data-appearance-style=\"on_seconds\" data-appearance-number=\"3\" data-appearance-time=\"5\" data-custom-width=\"100%\" data-custom-height=\"\" data-minimal-form=\"0\"><div class=\"proveg-popup minimal-popup hide\"><div class=\"popup-modal-scroll\"><div class=\"modal-body\"><div class=\"close-container\"><div class=\"modal-close\"><img decoding=\"async\" src=\"https:\/\/proveg.org\/wp-content\/themes\/proveg-b2c\/src\/icons\/close.svg\" alt=\"Close Icon\"\/><\/div><\/div><div class=\"popup-modal-clip wp-site-blocks\">\n<div class=\"wp-block-group is-content-justification-center is-nowrap is-layout-flex wp-container-core-group-is-layout-a97e8cc4 wp-block-group-is-layout-flex\">\n<h3 class=\"wp-block-heading has-white-color has-text-color has-link-color wp-elements-13\" id=\"h-mate-zajem-o-partnerstvi\">M\u00e1te z\u00e1jem o partnerstv\u00ed?<\/h3>\n\n\n\n<div class=\"wp-block-buttons is-layout-flex wp-block-buttons-is-layout-flex\">\n<div class=\"wp-block-button\"><a class=\"wp-block-button__link wp-element-button\" href=\"#h-7-benefitu-ktere-new-food-forum-vasi-spolecnosti-prinese-0\">Klikn\u011bte sem<\/a><\/div>\n<\/div>\n<\/div>\n<\/div><\/div><\/div><\/div><\/div>\n","protected":false},"excerpt":{"rendered":"<p>Gastronomick\u00fd den pro profesion\u00e1ly a profesion\u00e1lky z praxe \u2013 praktick\u00e9 roz\u0161\u00ed\u0159en\u00ed konference New Food Forum 2026 zam\u011b\u0159en\u00e9 na modern\u00ed rostlinnou&hellip;<\/p>\n","protected":false},"author":12,"featured_media":0,"parent":0,"menu_order":0,"comment_status":"closed","ping_status":"closed","template":"wp-custom-template-clean-template","meta":{"_acf_changed":false,"wprm-recipe-roundup-name":"","wprm-recipe-roundup-description":"","_sitemap_exclude":false,"_sitemap_priority":"","_sitemap_frequency":"","pv_custom_js":"","pv_post_preview_title":"","_FSMCFIC_featured_image_caption":"","_FSMCFIC_featured_image_nocaption":"","_FSMCFIC_featured_image_hide":"","footnotes":"","_exclude_from_search":false},"categories":[],"tags":[],"class_list":["post-161942","page","type-page","status-publish","hentry"],"acf":[],"mb":[],"yoast_head":"<!-- This site is optimized with the Yoast SEO Premium plugin v28.4 (Yoast SEO v28.4) - https:\/\/yoast.com\/product\/yoast-seo-premium-wordpress\/ -->\n<title>New Food Kitchen - ProVeg \u010cesko<\/title>\n<meta name=\"description\" content=\"Gastronomick\u00fd den pro profesion\u00e1ly a profesion\u00e1lky z praxe \u2013 praktick\u00e9 roz\u0161\u00ed\u0159en\u00ed konference New Food Forum 2026 zam\u011b\u0159en\u00e9 na modern\u00ed rostlinnou kuchyni, re\u00e1ln\u00e9 provozy a kucha\u0159sk\u00e9 \u0159emeslo.\" \/>\n<meta name=\"robots\" content=\"index, follow, max-snippet:-1, max-image-preview:large, max-video-preview:-1\" \/>\n<link rel=\"canonical\" href=\"https:\/\/proveg.org\/cz\/new-food-kitchen\/\" \/>\n<meta property=\"og:locale\" content=\"cs_CZ\" \/>\n<meta property=\"og:type\" content=\"article\" \/>\n<meta property=\"og:title\" content=\"New Food Kitchen\" \/>\n<meta property=\"og:description\" content=\"Gastronomick\u00fd den pro profesion\u00e1ly a profesion\u00e1lky z praxe \u2013 praktick\u00e9 roz\u0161\u00ed\u0159en\u00ed konference New Food Forum 2026 zam\u011b\u0159en\u00e9 na modern\u00ed rostlinnou kuchyni, re\u00e1ln\u00e9 provozy a kucha\u0159sk\u00e9 \u0159emeslo.\" \/>\n<meta property=\"og:url\" content=\"https:\/\/proveg.org\/cz\/new-food-kitchen\/\" \/>\n<meta property=\"og:site_name\" content=\"ProVeg \u010cesko\" \/>\n<meta property=\"article:modified_time\" content=\"2026-04-23T17:33:18+00:00\" \/>\n<meta property=\"og:image\" content=\"https:\/\/proveg.org\/cz\/wp-content\/uploads\/sites\/5\/2026\/02\/JAN_6281-lekce-vareni-scaled.jpg\" \/>\n\t<meta property=\"og:image:width\" content=\"2560\" \/>\n\t<meta property=\"og:image:height\" content=\"1707\" \/>\n\t<meta property=\"og:image:type\" content=\"image\/jpeg\" \/>\n<meta name=\"twitter:card\" content=\"summary_large_image\" \/>\n<meta name=\"twitter:label1\" content=\"Odhadovan\u00e1 doba \u010dten\u00ed\" \/>\n\t<meta name=\"twitter:data1\" content=\"11 minut\" \/>\n<script type=\"application\/ld+json\" class=\"yoast-schema-graph\">{\"@context\":\"https:\\\/\\\/schema.org\",\"@graph\":[{\"@type\":\"WebPage\",\"@id\":\"https:\\\/\\\/proveg.org\\\/cz\\\/new-food-kitchen\\\/\",\"url\":\"https:\\\/\\\/proveg.org\\\/cz\\\/new-food-kitchen\\\/\",\"name\":\"New Food Kitchen - ProVeg \u010cesko\",\"isPartOf\":{\"@id\":\"https:\\\/\\\/proveg.org\\\/cz\\\/#website\"},\"primaryImageOfPage\":{\"@id\":\"https:\\\/\\\/proveg.org\\\/cz\\\/new-food-kitchen\\\/#primaryimage\"},\"image\":{\"@id\":\"https:\\\/\\\/proveg.org\\\/cz\\\/new-food-kitchen\\\/#primaryimage\"},\"thumbnailUrl\":\"https:\\\/\\\/proveg.org\\\/cz\\\/wp-content\\\/uploads\\\/sites\\\/5\\\/2026\\\/02\\\/JAN_6281-lekce-vareni-scaled.jpg\",\"datePublished\":\"2026-02-24T10:11:55+00:00\",\"dateModified\":\"2026-04-23T17:33:18+00:00\",\"description\":\"Gastronomick\u00fd den pro profesion\u00e1ly a profesion\u00e1lky z praxe \u2013 praktick\u00e9 roz\u0161\u00ed\u0159en\u00ed konference New Food Forum 2026 zam\u011b\u0159en\u00e9 na modern\u00ed rostlinnou kuchyni, re\u00e1ln\u00e9 provozy a kucha\u0159sk\u00e9 \u0159emeslo.\",\"breadcrumb\":{\"@id\":\"https:\\\/\\\/proveg.org\\\/cz\\\/new-food-kitchen\\\/#breadcrumb\"},\"inLanguage\":\"cs\",\"potentialAction\":[{\"@type\":\"ReadAction\",\"target\":[\"https:\\\/\\\/proveg.org\\\/cz\\\/new-food-kitchen\\\/\"]}]},{\"@type\":\"ImageObject\",\"inLanguage\":\"cs\",\"@id\":\"https:\\\/\\\/proveg.org\\\/cz\\\/new-food-kitchen\\\/#primaryimage\",\"url\":\"https:\\\/\\\/proveg.org\\\/cz\\\/wp-content\\\/uploads\\\/sites\\\/5\\\/2026\\\/02\\\/JAN_6281-lekce-vareni-scaled.jpg\",\"contentUrl\":\"https:\\\/\\\/proveg.org\\\/cz\\\/wp-content\\\/uploads\\\/sites\\\/5\\\/2026\\\/02\\\/JAN_6281-lekce-vareni-scaled.jpg\",\"width\":2560,\"height\":1707,\"caption\":\"Detailn\u00ed z\u00e1b\u011br na gurm\u00e1nsk\u00fd pokrm, ide\u00e1ln\u00ed pro nov\u00e9 potravin\u00e1\u0159sk\u00e9 f\u00f3rum, se dv\u011bma kope\u010dky b\u00edl\u00e9 zmrzliny nebo p\u011bny, ozdoben\u00e9 bylinkami a om\u00e1\u010dkou, pod\u00e1van\u00e9 na tal\u00ed\u0159i s o\u0159echy a zelen\u00fdm pyr\u00e9 na rozmazan\u00e9m pozad\u00ed.\"},{\"@type\":\"BreadcrumbList\",\"@id\":\"https:\\\/\\\/proveg.org\\\/cz\\\/new-food-kitchen\\\/#breadcrumb\",\"itemListElement\":[{\"@type\":\"ListItem\",\"position\":1,\"name\":\"Dom\u016f\",\"item\":\"https:\\\/\\\/proveg.org\\\/cz\\\/\"},{\"@type\":\"ListItem\",\"position\":2,\"name\":\"New Food Kitchen\"}]},{\"@type\":\"WebSite\",\"@id\":\"https:\\\/\\\/proveg.org\\\/cz\\\/#website\",\"url\":\"https:\\\/\\\/proveg.org\\\/cz\\\/\",\"name\":\"ProVeg \u010cesko\",\"description\":\"\",\"publisher\":{\"@id\":\"https:\\\/\\\/proveg.org\\\/cz\\\/#organization\"},\"potentialAction\":[{\"@type\":\"SearchAction\",\"target\":{\"@type\":\"EntryPoint\",\"urlTemplate\":\"https:\\\/\\\/proveg.org\\\/cz\\\/?s={search_term_string}\"},\"query-input\":{\"@type\":\"PropertyValueSpecification\",\"valueRequired\":true,\"valueName\":\"search_term_string\"}}],\"inLanguage\":\"cs\"},{\"@type\":\"Organization\",\"@id\":\"https:\\\/\\\/proveg.org\\\/cz\\\/#organization\",\"name\":\"ProVeg \u010cesko\",\"url\":\"https:\\\/\\\/proveg.org\\\/cz\\\/\",\"logo\":{\"@type\":\"ImageObject\",\"inLanguage\":\"cs\",\"@id\":\"https:\\\/\\\/proveg.org\\\/cz\\\/#\\\/schema\\\/logo\\\/image\\\/\",\"url\":\"https:\\\/\\\/proveg.org\\\/cz\\\/wp-content\\\/uploads\\\/sites\\\/5\\\/2024\\\/03\\\/logo-proveg.svg\",\"contentUrl\":\"https:\\\/\\\/proveg.org\\\/cz\\\/wp-content\\\/uploads\\\/sites\\\/5\\\/2024\\\/03\\\/logo-proveg.svg\",\"width\":126,\"height\":32,\"caption\":\"ProVeg \u010cesko\"},\"image\":{\"@id\":\"https:\\\/\\\/proveg.org\\\/cz\\\/#\\\/schema\\\/logo\\\/image\\\/\"}}]}<\/script>\n<!-- \/ Yoast SEO Premium plugin. -->","yoast_head_json":{"title":"New Food Kitchen - ProVeg \u010cesko","description":"Gastronomick\u00fd den pro profesion\u00e1ly a profesion\u00e1lky z praxe \u2013 praktick\u00e9 roz\u0161\u00ed\u0159en\u00ed konference New Food Forum 2026 zam\u011b\u0159en\u00e9 na modern\u00ed rostlinnou kuchyni, re\u00e1ln\u00e9 provozy a kucha\u0159sk\u00e9 \u0159emeslo.","robots":{"index":"index","follow":"follow","max-snippet":"max-snippet:-1","max-image-preview":"max-image-preview:large","max-video-preview":"max-video-preview:-1"},"canonical":"https:\/\/proveg.org\/cz\/new-food-kitchen\/","og_locale":"cs_CZ","og_type":"article","og_title":"New Food Kitchen","og_description":"Gastronomick\u00fd den pro profesion\u00e1ly a profesion\u00e1lky z praxe \u2013 praktick\u00e9 roz\u0161\u00ed\u0159en\u00ed konference New Food Forum 2026 zam\u011b\u0159en\u00e9 na modern\u00ed rostlinnou kuchyni, re\u00e1ln\u00e9 provozy a kucha\u0159sk\u00e9 \u0159emeslo.","og_url":"https:\/\/proveg.org\/cz\/new-food-kitchen\/","og_site_name":"ProVeg \u010cesko","article_modified_time":"2026-04-23T17:33:18+00:00","og_image":[{"width":2560,"height":1707,"url":"https:\/\/proveg.org\/cz\/wp-content\/uploads\/sites\/5\/2026\/02\/JAN_6281-lekce-vareni-scaled.jpg","type":"image\/jpeg"}],"twitter_card":"summary_large_image","twitter_misc":{"Odhadovan\u00e1 doba \u010dten\u00ed":"11 minut"},"schema":{"@context":"https:\/\/schema.org","@graph":[{"@type":"WebPage","@id":"https:\/\/proveg.org\/cz\/new-food-kitchen\/","url":"https:\/\/proveg.org\/cz\/new-food-kitchen\/","name":"New Food Kitchen - ProVeg \u010cesko","isPartOf":{"@id":"https:\/\/proveg.org\/cz\/#website"},"primaryImageOfPage":{"@id":"https:\/\/proveg.org\/cz\/new-food-kitchen\/#primaryimage"},"image":{"@id":"https:\/\/proveg.org\/cz\/new-food-kitchen\/#primaryimage"},"thumbnailUrl":"https:\/\/proveg.org\/cz\/wp-content\/uploads\/sites\/5\/2026\/02\/JAN_6281-lekce-vareni-scaled.jpg","datePublished":"2026-02-24T10:11:55+00:00","dateModified":"2026-04-23T17:33:18+00:00","description":"Gastronomick\u00fd den pro profesion\u00e1ly a profesion\u00e1lky z praxe \u2013 praktick\u00e9 roz\u0161\u00ed\u0159en\u00ed konference New Food Forum 2026 zam\u011b\u0159en\u00e9 na modern\u00ed rostlinnou kuchyni, re\u00e1ln\u00e9 provozy a kucha\u0159sk\u00e9 \u0159emeslo.","breadcrumb":{"@id":"https:\/\/proveg.org\/cz\/new-food-kitchen\/#breadcrumb"},"inLanguage":"cs","potentialAction":[{"@type":"ReadAction","target":["https:\/\/proveg.org\/cz\/new-food-kitchen\/"]}]},{"@type":"ImageObject","inLanguage":"cs","@id":"https:\/\/proveg.org\/cz\/new-food-kitchen\/#primaryimage","url":"https:\/\/proveg.org\/cz\/wp-content\/uploads\/sites\/5\/2026\/02\/JAN_6281-lekce-vareni-scaled.jpg","contentUrl":"https:\/\/proveg.org\/cz\/wp-content\/uploads\/sites\/5\/2026\/02\/JAN_6281-lekce-vareni-scaled.jpg","width":2560,"height":1707,"caption":"Detailn\u00ed z\u00e1b\u011br na gurm\u00e1nsk\u00fd pokrm, ide\u00e1ln\u00ed pro nov\u00e9 potravin\u00e1\u0159sk\u00e9 f\u00f3rum, se dv\u011bma kope\u010dky b\u00edl\u00e9 zmrzliny nebo p\u011bny, ozdoben\u00e9 bylinkami a om\u00e1\u010dkou, pod\u00e1van\u00e9 na tal\u00ed\u0159i s o\u0159echy a zelen\u00fdm pyr\u00e9 na rozmazan\u00e9m pozad\u00ed."},{"@type":"BreadcrumbList","@id":"https:\/\/proveg.org\/cz\/new-food-kitchen\/#breadcrumb","itemListElement":[{"@type":"ListItem","position":1,"name":"Dom\u016f","item":"https:\/\/proveg.org\/cz\/"},{"@type":"ListItem","position":2,"name":"New Food Kitchen"}]},{"@type":"WebSite","@id":"https:\/\/proveg.org\/cz\/#website","url":"https:\/\/proveg.org\/cz\/","name":"ProVeg \u010cesko","description":"","publisher":{"@id":"https:\/\/proveg.org\/cz\/#organization"},"potentialAction":[{"@type":"SearchAction","target":{"@type":"EntryPoint","urlTemplate":"https:\/\/proveg.org\/cz\/?s={search_term_string}"},"query-input":{"@type":"PropertyValueSpecification","valueRequired":true,"valueName":"search_term_string"}}],"inLanguage":"cs"},{"@type":"Organization","@id":"https:\/\/proveg.org\/cz\/#organization","name":"ProVeg \u010cesko","url":"https:\/\/proveg.org\/cz\/","logo":{"@type":"ImageObject","inLanguage":"cs","@id":"https:\/\/proveg.org\/cz\/#\/schema\/logo\/image\/","url":"https:\/\/proveg.org\/cz\/wp-content\/uploads\/sites\/5\/2024\/03\/logo-proveg.svg","contentUrl":"https:\/\/proveg.org\/cz\/wp-content\/uploads\/sites\/5\/2024\/03\/logo-proveg.svg","width":126,"height":32,"caption":"ProVeg \u010cesko"},"image":{"@id":"https:\/\/proveg.org\/cz\/#\/schema\/logo\/image\/"}}]}},"mfb_rest_fields":["title","yoast_head","yoast_head_json"],"_links":{"self":[{"href":"https:\/\/proveg.org\/cz\/wp-json\/wp\/v2\/pages\/161942","targetHints":{"allow":["GET"]}}],"collection":[{"href":"https:\/\/proveg.org\/cz\/wp-json\/wp\/v2\/pages"}],"about":[{"href":"https:\/\/proveg.org\/cz\/wp-json\/wp\/v2\/types\/page"}],"author":[{"embeddable":true,"href":"https:\/\/proveg.org\/cz\/wp-json\/wp\/v2\/users\/12"}],"replies":[{"embeddable":true,"href":"https:\/\/proveg.org\/cz\/wp-json\/wp\/v2\/comments?post=161942"}],"version-history":[{"count":70,"href":"https:\/\/proveg.org\/cz\/wp-json\/wp\/v2\/pages\/161942\/revisions"}],"predecessor-version":[{"id":162865,"href":"https:\/\/proveg.org\/cz\/wp-json\/wp\/v2\/pages\/161942\/revisions\/162865"}],"wp:attachment":[{"href":"https:\/\/proveg.org\/cz\/wp-json\/wp\/v2\/media?parent=161942"}],"wp:term":[{"taxonomy":"category","embeddable":true,"href":"https:\/\/proveg.org\/cz\/wp-json\/wp\/v2\/categories?post=161942"},{"taxonomy":"post_tag","embeddable":true,"href":"https:\/\/proveg.org\/cz\/wp-json\/wp\/v2\/tags?post=161942"}],"curies":[{"name":"wp","href":"https:\/\/api.w.org\/{rel}","templated":true}]}}